{"id":2422,"date":"2023-10-21T17:56:57","date_gmt":"2023-10-21T15:56:57","guid":{"rendered":"https:\/\/polfair.pl\/new\/?page_id=2422"},"modified":"2023-10-21T17:56:58","modified_gmt":"2023-10-21T15:56:58","slug":"firmy-budujace-stoiska","status":"publish","type":"page","link":"https:\/\/polfair.pl\/new\/firmy-budujace-stoiska\/","title":{"rendered":"Firmy buduj\u0105ce stoiska"},"content":{"rendered":"\n<div class=\"wp-block-aab-group-accordion aagb_accordion_ee8d9da3-6e4f-4897-a70d-884bed61ceca\">\n<div class=\"wp-block-aab-accordion-item aagb__accordion_container\" style=\"border:1px solid #cccccc;margin-top:0px;margin-bottom:15px;border-radius:0px\"><div class=\"aagb__accordion_head aab_right_icon\" data-active=\"false\" style=\"color:#333333;background-color:transparent;padding:10px 15px 10px 15px\"><div class=\"aagb__accordion_heading aab_right_icon\"><h4 class=\"aagb__accordion_title\" style=\"margin:0;color:#333333\">4EXPO Sp. z o.o. Sp. K. (Suchy Las \/ k. Poznania)<\/h4><\/div><div class=\"aagb__accordion_icon\" style=\"color:#333333;background-color:transparent\"><span class=\"aagb__icon dashicons dashicons-plus-alt2\"><\/span><\/div><\/div><div class=\"aagb__accordion_body \" role=\"region\" style=\"background-color:transparent;border-top:1px solid #cccccc;padding:10px 15px 10px 15px\">\n<div class=\"wp-block-columns is-layout-flex wp-container-core-columns-is-layout-9d6595d7 wp-block-columns-is-layout-flex\">\n<div class=\"wp-block-column is-layout-flow wp-block-column-is-layout-flow\">\n<p><strong>Adres<\/strong>: Obornicka 152, 62-002 Suchy Las k\/Poznania<\/p>\n\n\n\n<p><strong>Telefon<\/strong>: +48 639 54 42, +48 607 777 811<\/p>\n\n\n\n<p><strong>E-mail<\/strong>: hello@4expo.pl<\/p>\n\n\n\n<p><strong>Strona www<\/strong>: www.4expo.pl<\/p>\n<\/div>\n\n\n\n<div class=\"wp-block-column is-layout-flow wp-block-column-is-layout-flow\"><div class=\"wp-block-image\">\n<figure class=\"aligncenter size-full\"><img loading=\"lazy\" decoding=\"async\" width=\"150\" height=\"150\" src=\"https:\/\/polfair.pl\/new\/wp-content\/uploads\/2023\/10\/expo-logo.jpg\" alt=\"\" class=\"wp-image-2334\" srcset=\"https:\/\/polfair.pl\/new\/wp-content\/uploads\/2023\/10\/expo-logo.jpg 150w, https:\/\/polfair.pl\/new\/wp-content\/uploads\/2023\/10\/expo-logo-100x100.jpg 100w, https:\/\/polfair.pl\/new\/wp-content\/uploads\/2023\/10\/expo-logo-50x50.jpg 50w\" sizes=\"auto, (max-width: 150px) 100vw, 150px\" \/><\/figure>\n<\/div><\/div>\n<\/div>\n\n\n\n<p>Firma 4EXPO dzia\u0142a na rynku ju\u017c od 15 lat. Wyr\u00f3\u017cnia nas bogate do\u015bwiadczenie w kompleksowym procesie przygotowywania oraz realizowania r\u00f3\u017cnego rodzaju event\u00f3w, stoisk wystawienniczych czy zabud\u00f3w wn\u0119trz. Nasz\u0105 firm\u0119 tworz\u0105 ludzie z pasj\u0105 \u2013 specjali\u015bci z wieloletnim do\u015bwiadczeniem w swoich dziedzinach, a tak\u017ce m\u0142oda kadra pracownik\u00f3w z zapa\u0142em do pracy i rozwoju.<\/p>\n<\/div><\/div>\n\n\n\n<div class=\"wp-block-aab-accordion-item aagb__accordion_container\" style=\"border:1px solid #cccccc;margin-top:0px;margin-bottom:15px;border-radius:0px\"><div class=\"aagb__accordion_head aab_right_icon\" data-active=\"false\" style=\"color:#333333;background-color:transparent;padding:10px 15px 10px 15px\"><div class=\"aagb__accordion_heading aab_right_icon\"><h4 class=\"aagb__accordion_title\" style=\"margin:0;color:#333333\">AAA Expo sp. z o.o. (Pozna\u0144)<\/h4><\/div><div class=\"aagb__accordion_icon\" style=\"color:#333333;background-color:transparent\"><span class=\"aagb__icon dashicons dashicons-plus-alt2\"><\/span><\/div><\/div><div class=\"aagb__accordion_body \" role=\"region\" style=\"background-color:transparent;border-top:1px solid #cccccc;padding:10px 15px 10px 15px\">\n<div class=\"wp-block-columns is-layout-flex wp-container-core-columns-is-layout-9d6595d7 wp-block-columns-is-layout-flex\">\n<div class=\"wp-block-column is-layout-flow wp-block-column-is-layout-flow\">\n<p><strong>Adres<\/strong>: Nowowiejskiego 7,61-731, Pozna\u0144<\/p>\n\n\n\n<p><strong>Telefon<\/strong>: +48 601 267 740<\/p>\n\n\n\n<p><strong>E-mail<\/strong>: aaaexpo@onet.pl<\/p>\n<\/div>\n\n\n\n<div class=\"wp-block-column is-layout-flow wp-block-column-is-layout-flow\"><div class=\"wp-block-image\">\n<figure class=\"aligncenter size-full\"><img loading=\"lazy\" decoding=\"async\" width=\"135\" height=\"44\" src=\"https:\/\/polfair.pl\/new\/wp-content\/uploads\/2023\/10\/aaa-expo-logo.jpg\" alt=\"\" class=\"wp-image-2333\"\/><\/figure>\n<\/div><\/div>\n<\/div>\n\n\n\n<p>Projektujemy i budujemy najwy\u017cszej jako\u015bci stoiska na targach w Polsce i w Europie.<\/p>\n\n\n\n<p>Realizujemy wystawy muzealne, wn\u0119trza biur i obiekt\u00f3w u\u017cyteczno\u015bci publicznej oraz reklamy zewn\u0119trzne.<\/p>\n\n\n\n<p>Cechuje nas odpowiedzialno\u015b\u0107, punktualno\u015b\u0107, do\u015bwiadczenie, kreatywno\u015b\u0107 i indywidualne podej\u015bcie do ka\u017cdego klienta.<\/p>\n\n\n\n<p>Nie boimy si\u0119 wyzwa\u0144. Nasze motto:&nbsp;<strong><em>NAJWY\u017bSZA JAKO\u015a\u0106 W DOBREJ CENIE.<\/em><\/strong><\/p>\n<\/div><\/div>\n\n\n\n<div class=\"wp-block-aab-accordion-item aagb__accordion_container\" style=\"border:1px solid #cccccc;margin-top:0px;margin-bottom:15px;border-radius:0px\"><div class=\"aagb__accordion_head aab_right_icon\" data-active=\"false\" style=\"color:#333333;background-color:transparent;padding:10px 15px 10px 15px\"><div class=\"aagb__accordion_heading aab_right_icon\"><h4 class=\"aagb__accordion_title\" style=\"margin:0;color:#333333\">A-Z Zdzis\u0142aw Filipiak Przedsi\u0119biorstwo Handlowo &#8211; Us\u0142ugowe sp. z o.o. (Owi\u0144ska)<\/h4><\/div><div class=\"aagb__accordion_icon\" style=\"color:#333333;background-color:transparent\"><span class=\"aagb__icon dashicons dashicons-plus-alt2\"><\/span><\/div><\/div><div class=\"aagb__accordion_body \" role=\"region\" style=\"background-color:transparent;border-top:1px solid #cccccc;padding:10px 15px 10px 15px\">\n<div class=\"wp-block-columns is-layout-flex wp-container-core-columns-is-layout-9d6595d7 wp-block-columns-is-layout-flex\">\n<div class=\"wp-block-column is-layout-flow wp-block-column-is-layout-flow\">\n<p><strong>Adres<\/strong>: Poprzeczna 3, 62-005 Owi\u0144ska<br><strong>Telefon<\/strong>: +48 61 875 2672, 875 2674<br><strong>Fax<\/strong>: +48 61 875 2672<br><strong>E-mail<\/strong>: office@a-z.com.pl<br><strong>Strona www<\/strong>:&nbsp;<a href=\"http:\/\/www.a-z.com.pl\/\" rel=\"nofollow noopener\" target=\"_blank\">http:\/\/www.a-z.com.pl\/<\/a><\/p>\n<\/div>\n\n\n\n<div class=\"wp-block-column is-layout-flow wp-block-column-is-layout-flow\"><div class=\"wp-block-image\">\n<figure class=\"aligncenter size-full\"><img loading=\"lazy\" decoding=\"async\" width=\"135\" height=\"124\" src=\"https:\/\/polfair.pl\/new\/wp-content\/uploads\/2023\/10\/az-logo.jpg\" alt=\"\" class=\"wp-image-2332\"\/><\/figure>\n<\/div><\/div>\n<\/div>\n\n\n\n<p>Projektowanie i kompleksowa realizacja stoisk targowych, wystaw i wn\u0119trz w kraju i za granic\u0105. Zabudowa niestandardowa z wykorzystaniem nietypowych materia\u0142\u00f3w i nowoczesnych technologii oraz w oparciu o systemy wystawiennicze. Pe\u0142ne wyposa\u017cenie wykonywanych obiekt\u00f3w w meble, sprz\u0119t gospodarczy i multimedialny. Us\u0142ugi graficzno \u2013 plastyczne. Realizacja \u201cpod klucz\u201d wn\u0119trz obiekt\u00f3w u\u017cyteczno\u015bci publicznej. Od 2004 roku firma pracuje zgodnie z normami systemu zarz\u0105dzania jako\u015bci\u0105 ISO 9001:2000. Firma posiada tytu\u0142 Lider Us\u0142ug Targowych.<\/p>\n<\/div><\/div>\n\n\n\n<div class=\"wp-block-aab-accordion-item aagb__accordion_container\" style=\"border:1px solid #cccccc;margin-top:0px;margin-bottom:15px;border-radius:0px\"><div class=\"aagb__accordion_head aab_right_icon\" data-active=\"false\" style=\"color:#333333;background-color:transparent;padding:10px 15px 10px 15px\"><div class=\"aagb__accordion_heading aab_right_icon\"><h4 class=\"aagb__accordion_title\" style=\"margin:0;color:#333333\">ABISAL Sp. z o.o. (Pozna\u0144)<\/h4><\/div><div class=\"aagb__accordion_icon\" style=\"color:#333333;background-color:transparent\"><span class=\"aagb__icon dashicons dashicons-plus-alt2\"><\/span><\/div><\/div><div class=\"aagb__accordion_body \" role=\"region\" style=\"background-color:transparent;border-top:1px solid #cccccc;padding:10px 15px 10px 15px\">\n<div class=\"wp-block-columns is-layout-flex wp-container-core-columns-is-layout-9d6595d7 wp-block-columns-is-layout-flex\">\n<div class=\"wp-block-column is-layout-flow wp-block-column-is-layout-flow\">\n<p><strong>Adres:<\/strong> Strza\u0142kowskiego 26\/6a, 60-855 Pozna\u0144<\/p>\n\n\n\n<p><strong>Telefon:<\/strong>\u00a0+48 61 848 10 90; +48 601 70 48 31<\/p>\n\n\n\n<p><strong>E-mail:&nbsp;<\/strong>biuro@abisal.com.pl<\/p>\n\n\n\n<p><strong>Strona www: <\/strong><a href=\"http:\/\/www.abisal.com.pl\/\" rel=\"nofollow noopener\" target=\"_blank\">http:\/\/www.abisal.com.pl<\/a><\/p>\n<\/div>\n\n\n\n<div class=\"wp-block-column is-layout-flow wp-block-column-is-layout-flow\"><div class=\"wp-block-image\">\n<figure class=\"aligncenter size-full\"><img loading=\"lazy\" decoding=\"async\" width=\"150\" height=\"80\" src=\"https:\/\/polfair.pl\/new\/wp-content\/uploads\/2023\/10\/abisal-logo.jpg\" alt=\"\" class=\"wp-image-2330\"\/><\/figure>\n<\/div><\/div>\n<\/div>\n\n\n\n<p>Od 1989 roku dzia\u0142amy w bran\u017cy wystawienniczej. Projektujemy i wykonujemy stoiska na imprezy targowe w kraju i za granic\u0105.<\/p>\n\n\n\n<p>Abisal to do\u015bwiadczeni i kompetentni pracownicy. Dzi\u0119ki ich zaanga\u017cowaniu oraz pasji kierownictwa w tworzeniu nowoczesnej firmy wystawienniczej ci\u0105gle zdobywamy nowych klient\u00f3w. Staramy si\u0119 sprosta\u0107 wymaganiom ka\u017cdego klienta, ka\u017cdy z nich jest dla nas tak samo wa\u017cny.<\/p>\n<\/div><\/div>\n\n\n\n<div class=\"wp-block-aab-accordion-item aagb__accordion_container\" style=\"border:1px solid #cccccc;margin-top:0px;margin-bottom:15px;border-radius:0px\"><div class=\"aagb__accordion_head aab_right_icon\" data-active=\"false\" style=\"color:#333333;background-color:transparent;padding:10px 15px 10px 15px\"><div class=\"aagb__accordion_heading aab_right_icon\"><h4 class=\"aagb__accordion_title\" style=\"margin:0;color:#333333\">AA Studio Kombiko Bis (Plewiska \/ k. Poznania)<\/h4><\/div><div class=\"aagb__accordion_icon\" style=\"color:#333333;background-color:transparent\"><span class=\"aagb__icon dashicons dashicons-plus-alt2\"><\/span><\/div><\/div><div class=\"aagb__accordion_body \" role=\"region\" style=\"background-color:transparent;border-top:1px solid #cccccc;padding:10px 15px 10px 15px\">\n<div class=\"wp-block-columns is-layout-flex wp-container-core-columns-is-layout-9d6595d7 wp-block-columns-is-layout-flex\">\n<div class=\"wp-block-column is-layout-flow wp-block-column-is-layout-flow\">\n<p><strong>Adres:<\/strong>&nbsp;Ogrodowa 10,&nbsp;62-064&nbsp;Plewiska k\/Poznania<\/p>\n\n\n\n<p><strong>Telefon:<\/strong>\u00a0+48 61 651 76 76<\/p>\n\n\n\n<p><strong>E-mail:&nbsp;<\/strong>info@aastudio.com.pl<\/p>\n\n\n\n<p><strong>Strona www:<\/strong>&nbsp;http:\/\/www.aastudio.com.pl\/<\/p>\n<\/div>\n\n\n\n<div class=\"wp-block-column is-layout-flow wp-block-column-is-layout-flow\"><div class=\"wp-block-image\">\n<figure class=\"aligncenter size-full\"><img loading=\"lazy\" decoding=\"async\" width=\"150\" height=\"150\" src=\"https:\/\/polfair.pl\/new\/wp-content\/uploads\/2023\/10\/aa-studio-logo.png\" alt=\"\" class=\"wp-image-2331\" srcset=\"https:\/\/polfair.pl\/new\/wp-content\/uploads\/2023\/10\/aa-studio-logo.png 150w, https:\/\/polfair.pl\/new\/wp-content\/uploads\/2023\/10\/aa-studio-logo-100x100.png 100w, https:\/\/polfair.pl\/new\/wp-content\/uploads\/2023\/10\/aa-studio-logo-50x50.png 50w\" sizes=\"auto, (max-width: 150px) 100vw, 150px\" \/><\/figure>\n<\/div><\/div>\n<\/div>\n\n\n\n<p>Na rynku us\u0142ug wystawienniczych firma&nbsp;AA Studio Kombiko dzia\u0142a od ponad 20 lat. Zdobyte w tym czasie do\u015bwiadczenie \u0142\u0105czymy z nieszablonowym podej\u015bciem do ka\u017cdego klienta. \u015awie\u017co\u015b\u0107 pomys\u0142\u00f3w projektowych idzie u nas w parze z innowacyjnymi rozwi\u0105zaniami technologicznymi. Zaprojektowane i wykonane przez nas&nbsp;stoiska&nbsp;wystawiennicze spotykaj\u0105 si\u0119 z uznaniem naszych klient\u00f3w i s\u0105 tak\u017ce nagradzane przez organizator\u00f3w targ\u00f3w.<\/p>\n\n\n\n<p>Jeste\u015bmy otwarci na indywidualne \u017cyczenia naszych klient\u00f3w. Podejmujemy si\u0119 zar\u00f3wno wykonywania&nbsp;systemowej zabudowy stoisk, jak i&nbsp;nietypowej zabudowy stoisk.<\/p>\n\n\n\n<p>Najwa\u017cniejsz\u0105 cz\u0119\u015bci\u0105 naszej dzia\u0142alno\u015bci s\u0105 us\u0142ugi z zakresu projektowania i&nbsp;<a href=\"http:\/\/www.aastudio.com.pl\/pol\/realizacje.html\" rel=\"nofollow noopener\" target=\"_blank\">budowy stoisk targowych<\/a>. W tym zakresie oferta firmy AA STUDIO KOMBIKO obejmuje:<\/p>\n\n\n\n<ul class=\"wp-block-list\">\n<li>profesjonalne projekty graficzne (3d) zabudowy targowej<\/li>\n\n\n\n<li>wykonywanie systemowej zabudowy stoisk, zabudowy zewn\u0119trznej oraz realizacja nietypowych koncepcji z wykorzystaniem r\u00f3\u017cnorodnych materia\u0142\u00f3w<\/li>\n\n\n\n<li>oprawa graficzn\u0105 (liternictwo p\u0142askie i przestrzenne, wydruki wielkoformatowe),<\/li>\n\n\n\n<li>wyposa\u017cenie stoisk w meble, sprz\u0119t audio-video oraz artyku\u0142y gospodarstwa domowego-zaplecze kuchenne potrzebne w trakcie imprezy<\/li>\n\n\n\n<li>monta\u017c o\u015bwietlenia, instalacji elektrycznej, wodno-kanalizacyjnej, pod\u0142\u0105czenie telefonu, internetu itp.<\/li>\n\n\n\n<li>rezerwacja miejsc noclegowych, sal bankietowych, samochod\u00f3w<\/li>\n\n\n\n<li>organizacja personelu obs\u0142ugi stoiska (hostessy, t\u0142umacze, modelki, ochrona)<\/li>\n\n\n\n<li>tworzenie dokumentacji fotograficznej stoiska<\/li>\n\n\n\n<li>codzienne sprz\u0105tanie stoiska<\/li>\n\n\n\n<li>inne us\u0142ugi zwi\u0105zane z uczestnictwem w targach<\/li>\n<\/ul>\n<\/div><\/div>\n\n\n\n<div class=\"wp-block-aab-accordion-item aagb__accordion_container\" style=\"border:1px solid #cccccc;margin-top:0px;margin-bottom:15px;border-radius:0px\"><div class=\"aagb__accordion_head aab_right_icon\" data-active=\"false\" style=\"color:#333333;background-color:transparent;padding:10px 15px 10px 15px\"><div class=\"aagb__accordion_heading aab_right_icon\"><h4 class=\"aagb__accordion_title\" style=\"margin:0;color:#333333\">ABYSS s.c. Ma\u0142gorzata Szofer i Jan Szofer (D\u0105browa)<\/h4><\/div><div class=\"aagb__accordion_icon\" style=\"color:#333333;background-color:transparent\"><span class=\"aagb__icon dashicons dashicons-plus-alt2\"><\/span><\/div><\/div><div class=\"aagb__accordion_body \" role=\"region\" style=\"background-color:transparent;border-top:1px solid #cccccc;padding:10px 15px 10px 15px\">\n<div class=\"wp-block-columns is-layout-flex wp-container-core-columns-is-layout-9d6595d7 wp-block-columns-is-layout-flex\">\n<div class=\"wp-block-column is-layout-flow wp-block-column-is-layout-flow\">\n<p><strong>Adres<\/strong>: Akacjowa 5, 62-070 D\u0105browa<br><strong>Telefon<\/strong>: +48 61 868 2352, 868 1198<br><strong>Fax<\/strong>: +48 61 868 2714<br><strong>E-mail<\/strong>: biuro@abyss.pl<br><strong>Strona www<\/strong>:&nbsp;<a href=\"http:\/\/www.abyss.pl\/\" rel=\"nofollow noopener\" target=\"_blank\">http:\/\/www.abyss.pl\/<\/a><\/p>\n<\/div>\n\n\n\n<div class=\"wp-block-column is-layout-flow wp-block-column-is-layout-flow\"><div class=\"wp-block-image\">\n<figure class=\"aligncenter size-full is-resized\"><img loading=\"lazy\" decoding=\"async\" width=\"300\" height=\"300\" src=\"https:\/\/polfair.pl\/new\/wp-content\/uploads\/2023\/09\/abyss-logo.jpg\" alt=\"\" class=\"wp-image-1999\" style=\"width:150px\" srcset=\"https:\/\/polfair.pl\/new\/wp-content\/uploads\/2023\/09\/abyss-logo.jpg 300w, https:\/\/polfair.pl\/new\/wp-content\/uploads\/2023\/09\/abyss-logo-270x270.jpg 270w, https:\/\/polfair.pl\/new\/wp-content\/uploads\/2023\/09\/abyss-logo-100x100.jpg 100w, https:\/\/polfair.pl\/new\/wp-content\/uploads\/2023\/09\/abyss-logo-50x50.jpg 50w\" sizes=\"auto, (max-width: 300px) 100vw, 300px\" \/><\/figure>\n<\/div><\/div>\n<\/div>\n\n\n\n<p>Projektowanie i wykonawstwo ekspozycji targowych. Stoiska wykonywane pod klucz \u2013 z pe\u0142nym wyposa\u017ceniem. Wykonawstwo indywidualnych mebli ekspozycyjnych. Specjalizacja w realizacji nietypowych projekt\u00f3w. W\u0142asna pracownia projektowa oraz zaplecze warsztatowo \u2013 wykonawcze. Ponadto wykonawstwo ekspozycji z projekt\u00f3w i element\u00f3w powierzonych przez klienta. Realizacja projekt\u00f3w w kraju i za granic\u0105.<\/p>\n<\/div><\/div>\n\n\n\n<div class=\"wp-block-aab-accordion-item aagb__accordion_container\" style=\"border:1px solid #cccccc;margin-top:0px;margin-bottom:15px;border-radius:0px\"><div class=\"aagb__accordion_head aab_right_icon\" data-active=\"false\" style=\"color:#333333;background-color:transparent;padding:10px 15px 10px 15px\"><div class=\"aagb__accordion_heading aab_right_icon\"><h4 class=\"aagb__accordion_title\" style=\"margin:0;color:#333333\">AG-EXPO Andrzej Groblewski Sp\u00f3\u0142ka Jawna (\u017babia Wola)<\/h4><\/div><div class=\"aagb__accordion_icon\" style=\"color:#333333;background-color:transparent\"><span class=\"aagb__icon dashicons dashicons-plus-alt2\"><\/span><\/div><\/div><div class=\"aagb__accordion_body \" role=\"region\" style=\"background-color:transparent;border-top:1px solid #cccccc;padding:10px 15px 10px 15px\">\n<div class=\"wp-block-columns is-layout-flex wp-container-core-columns-is-layout-9d6595d7 wp-block-columns-is-layout-flex\">\n<div class=\"wp-block-column is-layout-flow wp-block-column-is-layout-flow\">\n<p>Adres:&nbsp;Warszawska 37, 96-321, \u017babia Wola<\/p>\n\n\n\n<p>Telefon:&nbsp;+48 796 555 639<\/p>\n\n\n\n<p>E-mail:\u00a0biuro@agexpo.pl<\/p>\n\n\n\n<p>Strona www:<a href=\"http:\/\/www.agexpo.pl\/\" rel=\"nofollow noopener\" target=\"_blank\">&nbsp;http:\/\/www.agexpo.pl\/<\/a><\/p>\n<\/div>\n\n\n\n<div class=\"wp-block-column is-layout-flow wp-block-column-is-layout-flow\"><div class=\"wp-block-image\">\n<figure class=\"aligncenter size-full\"><img loading=\"lazy\" decoding=\"async\" width=\"150\" height=\"150\" src=\"https:\/\/polfair.pl\/new\/wp-content\/uploads\/2023\/10\/ag-expo-logo.jpg\" alt=\"\" class=\"wp-image-2329\" srcset=\"https:\/\/polfair.pl\/new\/wp-content\/uploads\/2023\/10\/ag-expo-logo.jpg 150w, https:\/\/polfair.pl\/new\/wp-content\/uploads\/2023\/10\/ag-expo-logo-100x100.jpg 100w, https:\/\/polfair.pl\/new\/wp-content\/uploads\/2023\/10\/ag-expo-logo-50x50.jpg 50w\" sizes=\"auto, (max-width: 150px) 100vw, 150px\" \/><\/figure>\n<\/div><\/div>\n<\/div>\n\n\n\n<p>Firma\u00a0AG-EXPO Andrzej Groblewski Sp\u00f3\u0142ka Jawna prowadzi swoj\u0105 dzia\u0142alno\u015b\u0107 od ponad 29 lat, projektuj\u0105c, buduj\u0105c i obs\u0142uguj\u0105c stoiska wystawiennicze i konferencyjne w Polsce oraz w ca\u0142ej Europie. Ogromne do\u015bwiadczenie w zakresie ekspozycji targowych pozwala nam \u015bwiadczy\u0107 us\u0142ugi na najwy\u017cszym poziomie. Naszym Klientom oferujemy kompleksow\u0105 realizacj\u0119 zam\u00f3wienia, pocz\u0105wszy od profesjonalnego doradztwa w zakresie aktualnych trend\u00f3w oraz funkcjonalno\u015bci przestrzeni, wykonania projektu, a\u017c po budow\u0119 i monta\u017c indywidualnego stoiska. Nasz\u0105 specjalno\u015bci\u0105 s\u0105 niepowtarzalne stoiska autorskie dostosowane do charakteru Pa\u0144stwa firmy.<\/p>\n<\/div><\/div>\n\n\n\n<div class=\"wp-block-aab-accordion-item aagb__accordion_container\" style=\"border:1px solid #cccccc;margin-top:0px;margin-bottom:15px;border-radius:0px\"><div class=\"aagb__accordion_head aab_right_icon\" data-active=\"false\" style=\"color:#333333;background-color:transparent;padding:10px 15px 10px 15px\"><div class=\"aagb__accordion_heading aab_right_icon\"><h4 class=\"aagb__accordion_title\" style=\"margin:0;color:#333333\">AMAKO EXPO (Krak\u00f3w)<\/h4><\/div><div class=\"aagb__accordion_icon\" style=\"color:#333333;background-color:transparent\"><span class=\"aagb__icon dashicons dashicons-plus-alt2\"><\/span><\/div><\/div><div class=\"aagb__accordion_body \" role=\"region\" style=\"background-color:transparent;border-top:1px solid #cccccc;padding:10px 15px 10px 15px\">\n<div class=\"wp-block-columns is-layout-flex wp-container-core-columns-is-layout-9d6595d7 wp-block-columns-is-layout-flex\">\n<div class=\"wp-block-column is-layout-flow wp-block-column-is-layout-flow\">\n<p><strong>Adres<\/strong>: Gdy\u0144ska 19-21 , 31-323 Krak\u00f3w<br><strong>Telefon<\/strong>: +48 12 416 7815<br><strong>Fax<\/strong>: + 48 12 416 7818<br><strong>E-mail<\/strong>: biuro@amakoexpo.pl<br><strong>Strona www<\/strong>:&nbsp;<a href=\"http:\/\/www.amakoexpo.pl\/\" rel=\"nofollow noopener\" target=\"_blank\">http:\/\/www.amakoexpo.pl\/<\/a><\/p>\n<\/div>\n\n\n\n<div class=\"wp-block-column is-layout-flow wp-block-column-is-layout-flow\"><div class=\"wp-block-image\">\n<figure class=\"aligncenter size-full\"><img loading=\"lazy\" decoding=\"async\" width=\"200\" height=\"200\" src=\"https:\/\/polfair.pl\/new\/wp-content\/uploads\/2023\/09\/AmakoExpo_logo.png\" alt=\"\" class=\"wp-image-2001\" srcset=\"https:\/\/polfair.pl\/new\/wp-content\/uploads\/2023\/09\/AmakoExpo_logo.png 200w, https:\/\/polfair.pl\/new\/wp-content\/uploads\/2023\/09\/AmakoExpo_logo-100x100.png 100w, https:\/\/polfair.pl\/new\/wp-content\/uploads\/2023\/09\/AmakoExpo_logo-50x50.png 50w\" sizes=\"auto, (max-width: 200px) 100vw, 200px\" \/><\/figure>\n<\/div><\/div>\n<\/div>\n\n\n\n<p>Amako Expo projektuje i buduje stoiska targowe, zapewniaj\u0105c pe\u0142n\u0105 obs\u0142ug\u0119 wystawiennicz\u0105. Stoiska autorskie i systemowe naszego autorstwa co roku pracuj\u0105 na sukces naszych Klient\u00f3w na targach w Polsce i za granic\u0105.Wyr\u00f3\u017cnia nas indywidualne, \u201ebutikowe\u201d podej\u015bcie do realizowanych projekt\u00f3w, kt\u00f3re przygotowujemy maj\u0105c na uwadze funkcjonalne rozwi\u0105zania i najnowsze trendy.Do\u015bwiadczony zesp\u00f3\u0142 specjalist\u00f3w oferuje Pa\u0144stwu doradztwo oraz pe\u0142n\u0105 obs\u0142ug\u0119 i wsparcie \u2013 w czasie targ\u00f3w b\u0119d\u0105c do pe\u0142nej dyspozycji Klienta.<\/p>\n<\/div><\/div>\n\n\n\n<div class=\"wp-block-aab-accordion-item aagb__accordion_container\" style=\"border:1px solid #cccccc;margin-top:0px;margin-bottom:15px;border-radius:0px\"><div class=\"aagb__accordion_head aab_right_icon\" data-active=\"false\" style=\"color:#333333;background-color:transparent;padding:10px 15px 10px 15px\"><div class=\"aagb__accordion_heading aab_right_icon\"><h4 class=\"aagb__accordion_title\" style=\"margin:0;color:#333333\">ANTARES STUDIO I GRUPA (\u0141\u00f3d\u017a)<\/h4><\/div><div class=\"aagb__accordion_icon\" style=\"color:#333333;background-color:transparent\"><span class=\"aagb__icon dashicons dashicons-plus-alt2\"><\/span><\/div><\/div><div class=\"aagb__accordion_body \" role=\"region\" style=\"background-color:transparent;border-top:1px solid #cccccc;padding:10px 15px 10px 15px\">\n<div class=\"wp-block-columns is-layout-flex wp-container-core-columns-is-layout-9d6595d7 wp-block-columns-is-layout-flex\">\n<div class=\"wp-block-column is-layout-flow wp-block-column-is-layout-flow\">\n<p><strong>Adres<\/strong>: Rzgowska 102, lok. 32, 93-153 \u0141\u00f3d\u017a<br><strong>Telefon<\/strong>: +48 42 682 2532, 682 2551, 502 030 231<br><strong>Fax<\/strong>: +48 42 682 4312<br><strong>E-mail<\/strong>: biuro@stoiskatargowe.pl<br><strong>Strona www<\/strong>:&nbsp;<a href=\"http:\/\/www.stoiskatargowe.pl\/\" rel=\"nofollow noopener\" target=\"_blank\">http:\/\/www.stoiskatargowe.pl\/<\/a><\/p>\n<\/div>\n\n\n\n<div class=\"wp-block-column is-layout-flow wp-block-column-is-layout-flow\"><div class=\"wp-block-image\">\n<figure class=\"aligncenter size-full is-resized\"><img loading=\"lazy\" decoding=\"async\" width=\"480\" height=\"199\" src=\"https:\/\/polfair.pl\/new\/wp-content\/uploads\/2023\/09\/Antares_logo.jpg\" alt=\"\" class=\"wp-image-2002\" style=\"width:250px\"\/><\/figure>\n<\/div><\/div>\n<\/div>\n\n\n\n<p>Projektowanie i realizacja stoisk systemowych i niesystemowych, jednopoziomowych, wielopoziomowych i zewn\u0119trznych. Firma dzia\u0142a od 1994 roku. W\u0142asny zesp\u00f3\u0142 projektowy. Baza wykonawcza w Poznaniu. Mo\u017cliwo\u015b\u0107 profesjonalnego, estradowego o\u015bwietlania ekspozycji, zmocowanego do ramp wolnostoj\u0105cych lub zwieszanych z dach\u00f3w hal wystawienniczych. Nag\u0142o\u015bnienie stoisk, wyposa\u017cenie w multimedia, systemy g\u0142osowania, etc. Liczne nagrody za realizacje. Na \u017cyczenie pilota\u017c administracyjny w sprawach zwi\u0105zanych z targami, akcje eventowe na stoiskach. Organizacja imprez firmowych.<\/p>\n<\/div><\/div>\n\n\n\n<div class=\"wp-block-aab-accordion-item aagb__accordion_container\" style=\"border:1px solid #cccccc;margin-top:0px;margin-bottom:15px;border-radius:0px\"><div class=\"aagb__accordion_head aab_right_icon\" data-active=\"false\" style=\"color:#333333;background-color:transparent;padding:10px 15px 10px 15px\"><div class=\"aagb__accordion_heading aab_right_icon\"><h4 class=\"aagb__accordion_title\" style=\"margin:0;color:#333333\">Art Expo (Krak\u00f3w)<\/h4><\/div><div class=\"aagb__accordion_icon\" style=\"color:#333333;background-color:transparent\"><span class=\"aagb__icon dashicons dashicons-plus-alt2\"><\/span><\/div><\/div><div class=\"aagb__accordion_body \" role=\"region\" style=\"background-color:transparent;border-top:1px solid #cccccc;padding:10px 15px 10px 15px\">\n<div class=\"wp-block-columns is-layout-flex wp-container-core-columns-is-layout-9d6595d7 wp-block-columns-is-layout-flex\">\n<div class=\"wp-block-column is-layout-flow wp-block-column-is-layout-flow\">\n<p><strong>Adres<\/strong>: Odmogile 1a, 31-751, Krak\u00f3w<\/p>\n\n\n\n<p><strong>Telefon<\/strong>: +48 12 644 53 78<\/p>\n\n\n\n<p><strong>E-mail<\/strong>: artexpo@artexpo.com.pl<\/p>\n\n\n\n<p><strong>Strona www<\/strong>:&nbsp;<a href=\"http:\/\/artexpo.com.pl\/\" target=\"_blank\" rel=\"noreferrer noopener nofollow\">http:\/\/artexpo.com.pl\/<\/a><\/p>\n<\/div>\n\n\n\n<div class=\"wp-block-column is-layout-flow wp-block-column-is-layout-flow\"><div class=\"wp-block-image\">\n<figure class=\"aligncenter size-full\"><img loading=\"lazy\" decoding=\"async\" width=\"150\" height=\"150\" src=\"https:\/\/polfair.pl\/new\/wp-content\/uploads\/2023\/10\/art-expo-logo.png\" alt=\"\" class=\"wp-image-2328\" srcset=\"https:\/\/polfair.pl\/new\/wp-content\/uploads\/2023\/10\/art-expo-logo.png 150w, https:\/\/polfair.pl\/new\/wp-content\/uploads\/2023\/10\/art-expo-logo-100x100.png 100w, https:\/\/polfair.pl\/new\/wp-content\/uploads\/2023\/10\/art-expo-logo-50x50.png 50w\" sizes=\"auto, (max-width: 150px) 100vw, 150px\" \/><\/figure>\n<\/div><\/div>\n<\/div>\n\n\n\n<p>Projektujemy i budujemy najwy\u017cszej jako\u015bci stoiska wystawiennicze na targach w Polsce i za granic\u0105. Nasze 20 letnie do\u015bwiadczenie, kreatywno\u015b\u0107 i indywidualne podej\u015bcie do ka\u017cdego klienta pozwoli\u0142y nam na zbudowanie sta\u0142ych relacji biznesowych z wieloma firmami. Nasze stoiska charakteryzuj\u0105 si\u0119 nowoczesno\u015bci\u0105 i funkcjonalno\u015bci\u0105. Sta\u0142e poszukujemy nowych rozwi\u0105za\u0144 i technologii z zakresu zabudowy wystawienniczej, multimedi\u00f3w i designu aby jak najlepiej spe\u0142nia\u0107 oczekiwania naszych klient\u00f3w.<\/p>\n<\/div><\/div>\n\n\n\n<div class=\"wp-block-aab-accordion-item aagb__accordion_container\" style=\"border:1px solid #cccccc;margin-top:0px;margin-bottom:15px;border-radius:0px\"><div class=\"aagb__accordion_head aab_right_icon\" data-active=\"false\" style=\"color:#333333;background-color:transparent;padding:10px 15px 10px 15px\"><div class=\"aagb__accordion_heading aab_right_icon\"><h4 class=\"aagb__accordion_title\" style=\"margin:0;color:#333333\">beMatrix (Pozna\u0144)<\/h4><\/div><div class=\"aagb__accordion_icon\" style=\"color:#333333;background-color:transparent\"><span class=\"aagb__icon dashicons dashicons-plus-alt2\"><\/span><\/div><\/div><div class=\"aagb__accordion_body \" role=\"region\" style=\"background-color:transparent;border-top:1px solid #cccccc;padding:10px 15px 10px 15px\">\n<div class=\"wp-block-columns is-layout-flex wp-container-core-columns-is-layout-9d6595d7 wp-block-columns-is-layout-flex\">\n<div class=\"wp-block-column is-layout-flow wp-block-column-is-layout-flow\">\n<p><strong>Adres<\/strong>: Winogrady 28, 61-663, Pozna\u0144<\/p>\n\n\n\n<p><strong>Telefon<\/strong>: + 48 513 18 00 99<\/p>\n\n\n\n<p><strong>E-mail<\/strong>: l.checinski@bematrix.com<\/p>\n\n\n\n<p><strong>Strona www<\/strong>:&nbsp;<a href=\"https:\/\/connect.bematrix.com\/pl\/rsc-poland\/\" target=\"_blank\" rel=\"noreferrer noopener nofollow\">https:\/\/connect.bematrix.com\/pl\/rsc-poland\/<\/a><\/p>\n<\/div>\n\n\n\n<div class=\"wp-block-column is-layout-flow wp-block-column-is-layout-flow\"><div class=\"wp-block-image\">\n<figure class=\"aligncenter size-full is-resized\"><img loading=\"lazy\" decoding=\"async\" width=\"854\" height=\"160\" src=\"https:\/\/polfair.pl\/new\/wp-content\/uploads\/2023\/09\/bematrix-logo.png\" alt=\"\" class=\"wp-image-1844\" style=\"width:250px\" srcset=\"https:\/\/polfair.pl\/new\/wp-content\/uploads\/2023\/09\/bematrix-logo.png 854w, https:\/\/polfair.pl\/new\/wp-content\/uploads\/2023\/09\/bematrix-logo-600x112.png 600w, https:\/\/polfair.pl\/new\/wp-content\/uploads\/2023\/09\/bematrix-logo-768x144.png 768w\" sizes=\"auto, (max-width: 854px) 100vw, 854px\" \/><\/figure>\n<\/div><\/div>\n<\/div>\n\n\n\n<p>System do budowy stoisk wystawienniczych beMatrix daje maksymalnie du\u017co przestrzeni na kreatywne wyko\u0144czenie. Produkty beMatrix \u0142\u0105cz\u0105 w sobie zalety systemu modu\u0142owego z mo\u017cliwo\u015bciami, jakie zapewnia indywidualne podej\u015bcie. Przy ich pomocy mo\u017cna zaprojektowa\u0107 i zrealizowa\u0107 niemal wszystkie kszta\u0142ty, linie i konstrukcje. Te same ramy pozwalaj\u0105 na stworzenie bardzo r\u00f3\u017cnorodnych projekt\u00f3w stoisk.<\/p>\n\n\n\n<p>System beMatrix jest najbardziej ekologicznym rozwi\u0105zaniem w zabudowie struktur targowych, \u015bcian konferencyjnych, oraz do zastosowa\u0144 podczas r\u00f3\u017cnego rodzaju wydarze\u0144.<\/p>\n\n\n\n<p>Zestaw ram pozwala na stworzenie wielu koncepcji stoisk i wydarze\u0144, a g\u0142\u00f3wne zalety to:<\/p>\n\n\n\n<ul class=\"wp-block-list\">\n<li>Szybka zabudowa i monta\u017c<\/li>\n\n\n\n<li>Prosty, czysty design<\/li>\n\n\n\n<li>D\u0142ugi cykl \u017cycia i niesko\u0144czone mo\u017cliwo\u015bci ponownego wykorzystania<\/li>\n\n\n\n<li>Najbardziej zr\u00f3wnowa\u017cony system na rynku w&nbsp;100% nadaj\u0105cy si\u0119 do recyklingu.<\/li>\n<\/ul>\n\n\n\n<p><strong>Jeste\u015bmy do Waszej dyspozycji.<\/strong><\/p>\n\n\n\n<p>U nas mo\u017cesz wynaj\u0105\u0107, a tak\u017ce zakupi\u0107 system beMatrix. Prowadzimy szkolenia i dajemy wsparcie naszym klientom. Jeste\u015bmy wy\u0142\u0105cznym partnerem beMatrix na rynku polskim.<\/p>\n<\/div><\/div>\n\n\n\n<div class=\"wp-block-aab-accordion-item aagb__accordion_container\" style=\"border:1px solid #cccccc;margin-top:0px;margin-bottom:15px;border-radius:0px\"><div class=\"aagb__accordion_head aab_right_icon\" data-active=\"false\" style=\"color:#333333;background-color:transparent;padding:10px 15px 10px 15px\"><div class=\"aagb__accordion_heading aab_right_icon\"><h4 class=\"aagb__accordion_title\" style=\"margin:0;color:#333333\">Berrylife (Krak\u00f3w)<\/h4><\/div><div class=\"aagb__accordion_icon\" style=\"color:#333333;background-color:transparent\"><span class=\"aagb__icon dashicons dashicons-plus-alt2\"><\/span><\/div><\/div><div class=\"aagb__accordion_body \" role=\"region\" style=\"background-color:transparent;border-top:1px solid #cccccc;padding:10px 15px 10px 15px\">\n<div class=\"wp-block-columns is-layout-flex wp-container-core-columns-is-layout-9d6595d7 wp-block-columns-is-layout-flex\">\n<div class=\"wp-block-column is-layout-flow wp-block-column-is-layout-flow\">\n<p><strong>Adres<\/strong>:Podole 60, 30-394, Krak\u00f3w<\/p>\n\n\n\n<p><strong>Telefon<\/strong>: +48 12 345 58 03<\/p>\n\n\n\n<p><strong>E-mail<\/strong>: biuro@berrylife.pl<\/p>\n\n\n\n<p><strong>Strona www<\/strong>:&nbsp;<a href=\"https:\/\/berrylife.pl\/\" target=\"_blank\" rel=\"noreferrer noopener nofollow\">https:\/\/berrylife.pl\/<\/a><\/p>\n<\/div>\n\n\n\n<div class=\"wp-block-column is-layout-flow wp-block-column-is-layout-flow\"><div class=\"wp-block-image\">\n<figure class=\"aligncenter size-full\"><img loading=\"lazy\" decoding=\"async\" width=\"150\" height=\"150\" src=\"https:\/\/polfair.pl\/new\/wp-content\/uploads\/2023\/10\/berry-life-logo.png\" alt=\"\" class=\"wp-image-2326\" srcset=\"https:\/\/polfair.pl\/new\/wp-content\/uploads\/2023\/10\/berry-life-logo.png 150w, https:\/\/polfair.pl\/new\/wp-content\/uploads\/2023\/10\/berry-life-logo-100x100.png 100w, https:\/\/polfair.pl\/new\/wp-content\/uploads\/2023\/10\/berry-life-logo-50x50.png 50w\" sizes=\"auto, (max-width: 150px) 100vw, 150px\" \/><\/figure>\n<\/div><\/div>\n<\/div>\n\n\n\n<p>Berrylife \u2013 nowoczesne i interaktywne rozwi\u0105zania multimedialne to grupa ekspert\u00f3w i pasjonat\u00f3w nowych technologii. Specjalizujemy si\u0119 we wdra\u017caniu zaawansowanych rozwi\u0105za\u0144 multimedialnych na potrzeby reklamy, edukacji i rozrywki. Zapewniamy kompleksow\u0105 obs\u0142ug\u0119 multimedialn\u0105 event\u00f3w, targ\u00f3w, konferencji, realizujemy multimedialne instalacje, zar\u00f3wno sta\u0142e, jak i czasowe.<\/p>\n\n\n\n<p>Od pocz\u0105tku istnienia sp\u00f3\u0142ki rozwijany jest te\u017c dzia\u0142 kreatywny, w kt\u00f3rym powstaj\u0105 filmy, animacje, realizacje VR i AR. Wykorzystujemy nowoczesne technologie, tworz\u0105c niezapomniane, intryguj\u0105ce realizacje. Od wielu lat cieszymy si\u0119 zaufaniem zar\u00f3wno globalnych marek jak i lokalnych partner\u00f3w biznesowych.<\/p>\n<\/div><\/div>\n\n\n\n<div class=\"wp-block-aab-accordion-item aagb__accordion_container\" style=\"border:1px solid #cccccc;margin-top:0px;margin-bottom:15px;border-radius:0px\"><div class=\"aagb__accordion_head aab_right_icon\" data-active=\"false\" style=\"color:#333333;background-color:transparent;padding:10px 15px 10px 15px\"><div class=\"aagb__accordion_heading aab_right_icon\"><h4 class=\"aagb__accordion_title\" style=\"margin:0;color:#333333\">BWS Expo Plus Sp. z o.o. (Suchy Las \/ k. Poznania)<\/h4><\/div><div class=\"aagb__accordion_icon\" style=\"color:#333333;background-color:transparent\"><span class=\"aagb__icon dashicons dashicons-plus-alt2\"><\/span><\/div><\/div><div class=\"aagb__accordion_body \" role=\"region\" style=\"background-color:transparent;border-top:1px solid #cccccc;padding:10px 15px 10px 15px\">\n<div class=\"wp-block-columns is-layout-flex wp-container-core-columns-is-layout-9d6595d7 wp-block-columns-is-layout-flex\">\n<div class=\"wp-block-column is-layout-flow wp-block-column-is-layout-flow\">\n<p><strong>Adres<\/strong>:Obornicka 51, 62-002, Suchy Las k\/Poznania<\/p>\n\n\n\n<p><strong>Telefon<\/strong>: +48 61 869 09 00,<\/p>\n\n\n\n<p><strong>E-mail<\/strong>: biuro@bws.poznan.pl<\/p>\n\n\n\n<p><strong>Strona www<\/strong>:&nbsp;<a href=\"https:\/\/www.bws.poznan.pl\/\" target=\"_blank\" rel=\"noreferrer noopener nofollow\">https:\/\/www.bws.poznan.pl\/<\/a><\/p>\n<\/div>\n\n\n\n<div class=\"wp-block-column is-layout-flow wp-block-column-is-layout-flow\"><div class=\"wp-block-image\">\n<figure class=\"aligncenter size-full\"><img loading=\"lazy\" decoding=\"async\" width=\"150\" height=\"41\" src=\"https:\/\/polfair.pl\/new\/wp-content\/uploads\/2023\/10\/bws-logo.jpg\" alt=\"\" class=\"wp-image-2325\"\/><\/figure>\n<\/div><\/div>\n<\/div>\n\n\n\n<p>Jeste\u015bmy firm\u0105 wystawiennicz\u0105 o\u00a029-letnim do\u015bwiadczeniu i\u00a0mi\u0119dzynarodowym zasi\u0119gu w\u00a0zakresie projektowania i\u00a0monta\u017cu stoisk targowych. Posiadamy zesp\u00f3\u0142 do\u015bwiadczonych fachowc\u00f3w, studio projektowe,\u00a0 nowoczesny park maszynowy, na kt\u00f3ry sk\u0142adaj\u0105 si\u0119 nasze stolarnie, lakiernia, \u015blusarnia, szklarnia, pracownia tapicerska, drukarnia wielkoformatowa, pracownia graficzna oraz zaplecze magazynowe i\u00a0transportowe zlokalizowane w\u00a0Suchym Lesie k. Poznania. Dysponujemy w\u0142asnymi konstrukcjami pi\u0119trowymi, kt\u00f3re spe\u0142niaj\u0105 wszystkie atesty bezpiecze\u0144stwa. Nasz\u0105 pasj\u0105 jest projektowanie stoisk targowych oraz ich kompleksowa zabudowa. Monta\u017c stoisk targowych realizowany jest przez do\u015bwiadczone ekipy monterskie, dzi\u0119ki czemu mo\u017cemy zapewni\u0107 najwy\u017csz\u0105 jako\u015b\u0107 oferowanych us\u0142ug. Projektujemy i\u00a0budujemy indywidualne stoiska targowe oraz pawilony narodowe. \u015aledzimy \u015bwiatowe trendy wystawiennicze w\u00a0zakresie projektowania stoisk targowych. Klienci ceni\u0105 nasz\u0105 kreatywno\u015b\u0107, wysok\u0105 jako\u015b\u0107 i\u00a0estetyk\u0119 wykonania, a\u00a0tak\u017ce funkcjonalno\u015b\u0107 zastosowanych rozwi\u0105za\u0144 oraz profesjonaln\u0105 obs\u0142ug\u0119.<\/p>\n<\/div><\/div>\n\n\n\n<div class=\"wp-block-aab-accordion-item aagb__accordion_container\" style=\"border:1px solid #cccccc;margin-top:0px;margin-bottom:15px;border-radius:0px\"><div class=\"aagb__accordion_head aab_right_icon\" data-active=\"false\" style=\"color:#333333;background-color:transparent;padding:10px 15px 10px 15px\"><div class=\"aagb__accordion_heading aab_right_icon\"><h4 class=\"aagb__accordion_title\" style=\"margin:0;color:#333333\">Ecat International Sp. z o.o. (St\u0119szew)<\/h4><\/div><div class=\"aagb__accordion_icon\" style=\"color:#333333;background-color:transparent\"><span class=\"aagb__icon dashicons dashicons-plus-alt2\"><\/span><\/div><\/div><div class=\"aagb__accordion_body \" role=\"region\" style=\"background-color:transparent;border-top:1px solid #cccccc;padding:10px 15px 10px 15px\">\n<div class=\"wp-block-columns is-layout-flex wp-container-core-columns-is-layout-9d6595d7 wp-block-columns-is-layout-flex\">\n<div class=\"wp-block-column is-layout-flow wp-block-column-is-layout-flow\">\n<p><strong>Adres<\/strong>: Bukowska 36, 62-060 St\u0119szew<br><strong>Telefon<\/strong>: +48 61 651 77 87<br><strong>E-mail<\/strong>: sales@ecatgroup.eu<br><strong>Strona www<\/strong>:&nbsp;<a href=\"http:\/\/www.ecatexhibition.eu\/\" rel=\"nofollow noopener\" target=\"_blank\">http:\/\/www.ecatexhibition.eu\/<\/a><\/p>\n<\/div>\n\n\n\n<div class=\"wp-block-column is-layout-flow wp-block-column-is-layout-flow\"><div class=\"wp-block-image\">\n<figure class=\"aligncenter size-full is-resized\"><img loading=\"lazy\" decoding=\"async\" width=\"480\" height=\"138\" src=\"https:\/\/polfair.pl\/new\/wp-content\/uploads\/2023\/09\/Ecatexpo.jpg\" alt=\"\" class=\"wp-image-2004\" style=\"width:200px\"\/><\/figure>\n<\/div><\/div>\n<\/div>\n\n\n\n<p>Firma Ecat International istnieje na rynku od 2012 roku. Za\u0142o\u017cycielami firmy s\u0105 osoby z wieloletnim do\u015bwiadczeniem w bran\u017cy targowej, znaj\u0105ce doskonale rynek nie tylko europejski, lecz r\u00f3wnie\u017c azjatycki i p\u00f3\u0142nocnoameryka\u0144ski. W realizacjach firmy zdecydowanie dominuj\u0105 stoiska indywidualne.<\/p>\n\n\n\n<p>Obecnie Ecat to ponad 50 pracownik\u00f3w doskonale funkcjonuj\u0105cych w sprawdzonej strukturze z podzia\u0142em na cz\u0119\u015b\u0107 biurow\u0105, stolarni\u0119 oraz zespo\u0142y monta\u017cowe.<\/p>\n\n\n\n<p>D\u0105\u017c\u0105c do zapewnienia najwy\u017cszej jako\u015bci realizowanych projekt\u00f3w, Ecat w spos\u00f3b ci\u0105g\u0142y inwestuje w nowe obszary dzia\u0142alno\u015bci. Pr\u00f3cz dobrze wyposa\u017conej stolarni oraz magazynu, Ecat dysponuje r\u00f3wnie\u017c:<\/p>\n\n\n\n<ul class=\"wp-block-list\">\n<li>dzia\u0142em projektowym (projekty koncepcyjne stoisk, rysunki techniczne, rysunki wykonawcze CAD),<\/li>\n\n\n\n<li>lakierni\u0105,<\/li>\n\n\n\n<li>pracowni\u0105 graficzn\u0105 (projekty graficzne, wydruki na wszelkich materia\u0142ach, logotypy i liternictwo 3D),<\/li>\n\n\n\n<li>rozbudowan\u0105 flot\u0105 samochod\u00f3w osobowych, dostawczych i ci\u0119\u017carowy.<\/li>\n<\/ul>\n\n\n\n<p>Projekty realizowane by\u0142y na obszarze praktycznie ca\u0142ego \u015bwiata, od Hiszpanii po \u0141otw\u0119 oraz od W\u0142och po Norwegi\u0119.<\/p>\n\n\n\n<p>Ponadto Grupa Ecat wykonuje stoiska w ca\u0142ej Azji , Ameryce P\u00f3\u0142nocnej , Po\u0142udniowej , Azji , Afryce oraz na Bliskim Wschodzie.<\/p>\n<\/div><\/div>\n\n\n\n<div class=\"wp-block-aab-accordion-item aagb__accordion_container\" style=\"border:1px solid #cccccc;margin-top:0px;margin-bottom:15px;border-radius:0px\"><div class=\"aagb__accordion_head aab_right_icon\" data-active=\"false\" style=\"color:#333333;background-color:transparent;padding:10px 15px 10px 15px\"><div class=\"aagb__accordion_heading aab_right_icon\"><h4 class=\"aagb__accordion_title\" style=\"margin:0;color:#333333\">EKS-TAR Przedsi\u0119biorstwo Us\u0142ugowe Zbigniew Blachnierek (Dopiewo \/ k. Poznania)<\/h4><\/div><div class=\"aagb__accordion_icon\" style=\"color:#333333;background-color:transparent\"><span class=\"aagb__icon dashicons dashicons-plus-alt2\"><\/span><\/div><\/div><div class=\"aagb__accordion_body \" role=\"region\" style=\"background-color:transparent;border-top:1px solid #cccccc;padding:10px 15px 10px 15px\">\n<div class=\"wp-block-columns is-layout-flex wp-container-core-columns-is-layout-9d6595d7 wp-block-columns-is-layout-flex\">\n<div class=\"wp-block-column is-layout-flow wp-block-column-is-layout-flow\">\n<p><strong>Adres<\/strong>: Pozna\u0144ska 2, 62-070, Dopiewo k\/Poznania<\/p>\n\n\n\n<p><strong>Telefon<\/strong>: +48 607 979 530<\/p>\n\n\n\n<p><strong>E-mail<\/strong>: administracja@ekstar.eu<\/p>\n\n\n\n<p><strong>Strona www<\/strong>:&nbsp;<a href=\"http:\/\/www.ekstar.eu\/\" target=\"_blank\" rel=\"noreferrer noopener nofollow\">http:\/\/www.ekstar.eu\/<\/a><\/p>\n<\/div>\n\n\n\n<div class=\"wp-block-column is-layout-flow wp-block-column-is-layout-flow\"><div class=\"wp-block-image\">\n<figure class=\"aligncenter size-full\"><img loading=\"lazy\" decoding=\"async\" width=\"135\" height=\"24\" src=\"https:\/\/polfair.pl\/new\/wp-content\/uploads\/2023\/10\/eks-tar-logo.jpg\" alt=\"\" class=\"wp-image-2323\"\/><\/figure>\n<\/div><\/div>\n<\/div>\n\n\n\n<p>EKS-TAR jest firm\u0105 rodzinn\u0105, kt\u00f3ra powsta\u0142a w lipcu 2008 roku. Specjalizujemy si\u0119 w budowie stoisk targowych na podstawie indywidualnych projekt\u00f3w. Naszym najwi\u0119kszym atutem s\u0105 pracownicy. Sta\u0142y, dobrze zgrany i ci\u0105gle rozbudowywany zesp\u00f3\u0142 najlepszych fachowc\u00f3w na swoich stanowiskach. Naszym celem na przysz\u0142o\u015b\u0107 jest utrzymanie zr\u00f3\u017cnicowanego portfela klient\u00f3w i doskonalenie oraz unowocze\u015bnianie technik budowy stoisk.<\/p>\n<\/div><\/div>\n\n\n\n<div class=\"wp-block-aab-accordion-item aagb__accordion_container\" style=\"border:1px solid #cccccc;margin-top:0px;margin-bottom:15px;border-radius:0px\"><div class=\"aagb__accordion_head aab_right_icon\" data-active=\"false\" style=\"color:#333333;background-color:transparent;padding:10px 15px 10px 15px\"><div class=\"aagb__accordion_heading aab_right_icon\"><h4 class=\"aagb__accordion_title\" style=\"margin:0;color:#333333\">EMG Events Grzegorz Laszuk (Warszawa)<\/h4><\/div><div class=\"aagb__accordion_icon\" style=\"color:#333333;background-color:transparent\"><span class=\"aagb__icon dashicons dashicons-plus-alt2\"><\/span><\/div><\/div><div class=\"aagb__accordion_body \" role=\"region\" style=\"background-color:transparent;border-top:1px solid #cccccc;padding:10px 15px 10px 15px\">\n<div class=\"wp-block-columns is-layout-flex wp-container-core-columns-is-layout-9d6595d7 wp-block-columns-is-layout-flex\">\n<div class=\"wp-block-column is-layout-flow wp-block-column-is-layout-flow\">\n<p><strong>Adres<\/strong>:Trakt Brzeski 57, 05-077, Warszawa<\/p>\n\n\n\n<p><strong>Telefon<\/strong>: +48 531 234 567; 511 444 444<\/p>\n\n\n\n<p><strong>E-mail<\/strong>: info@emgevents.pl<\/p>\n\n\n\n<p><strong>Strona www<\/strong>:&nbsp;<a href=\"https:\/\/emgevents.pl\/\" target=\"_blank\" rel=\"noreferrer noopener nofollow\">https:\/\/emgevents.pl<\/a><\/p>\n<\/div>\n\n\n\n<div class=\"wp-block-column is-layout-flow wp-block-column-is-layout-flow\"><div class=\"wp-block-image\">\n<figure class=\"aligncenter size-full\"><img loading=\"lazy\" decoding=\"async\" width=\"126\" height=\"69\" src=\"https:\/\/polfair.pl\/new\/wp-content\/uploads\/2023\/09\/EMG-logo.jpg\" alt=\"\" class=\"wp-image-1846\"\/><\/figure>\n<\/div><\/div>\n<\/div>\n\n\n\n<p>Firma EMG Events dzia\u0142aj\u0105ca na rynku wystawienniczym oraz eventowym specjalizuje si\u0119 w wynajmie oraz obs\u0142udze ekran\u00f3w LED oraz multimedi\u00f3w jak techniki holograficzne czy sto\u0142y interaktywne. Obs\u0142ugujemy konferencje, imprezy outdoorowe oraz w g\u0142\u00f3wnej mierze stoiska targowe.<\/p>\n\n\n\n<p>Naszymi klientami s\u0105 firmy projektuj\u0105ce oraz buduj\u0105ce stoiska, agencje eventowe oraz wszelkie instytucje chc\u0105ce u\u015bwietni\u0107 swoje wydarzenia rozwi\u0105zaniami multimedialnymi.<\/p>\n<\/div><\/div>\n\n\n\n<div class=\"wp-block-aab-accordion-item aagb__accordion_container\" style=\"border:1px solid #cccccc;margin-top:0px;margin-bottom:15px;border-radius:0px\"><div class=\"aagb__accordion_head aab_right_icon\" data-active=\"false\" style=\"color:#333333;background-color:transparent;padding:10px 15px 10px 15px\"><div class=\"aagb__accordion_heading aab_right_icon\"><h4 class=\"aagb__accordion_title\" style=\"margin:0;color:#333333\">EXPO &#8211; CONSTRUCT sp. z o.o. (Parkowo \/ k. Poznania)<\/h4><\/div><div class=\"aagb__accordion_icon\" style=\"color:#333333;background-color:transparent\"><span class=\"aagb__icon dashicons dashicons-plus-alt2\"><\/span><\/div><\/div><div class=\"aagb__accordion_body \" role=\"region\" style=\"background-color:transparent;border-top:1px solid #cccccc;padding:10px 15px 10px 15px\">\n<div class=\"wp-block-columns is-layout-flex wp-container-core-columns-is-layout-9d6595d7 wp-block-columns-is-layout-flex\">\n<div class=\"wp-block-column is-layout-flow wp-block-column-is-layout-flow\">\n<p><strong>Adres<\/strong>:Parkowo 1h, 64-608, Parkowo<\/p>\n\n\n\n<p><strong>Telefon<\/strong>: +48 61 250 54 40<\/p>\n\n\n\n<p><strong>E-mail<\/strong>: info@expo-construct.com<\/p>\n\n\n\n<p><strong>Strona www<\/strong>:&nbsp;<a href=\"http:\/\/www.expo-construct.com\/\" target=\"_blank\" rel=\"noreferrer noopener nofollow\">www.expo-construct.com<\/a><\/p>\n<\/div>\n\n\n\n<div class=\"wp-block-column is-layout-flow wp-block-column-is-layout-flow\"><div class=\"wp-block-image\">\n<figure class=\"aligncenter size-full\"><img loading=\"lazy\" decoding=\"async\" width=\"150\" height=\"19\" src=\"https:\/\/polfair.pl\/new\/wp-content\/uploads\/2023\/10\/expo-construct-logo.jpg\" alt=\"\" class=\"wp-image-2320\"\/><\/figure>\n<\/div><\/div>\n<\/div>\n\n\n\n<p>Expo-Construct jest firm\u0105 rodzinn\u0105, dzia\u0142aj\u0105c\u0105 od 2010 roku w bran\u017cy eventowo-targowej. Jeste\u015bmy obecni na kilkudziesi\u0119ciu imprezach w roku w ca\u0142ej Europie. Nowoczesna produkcja, profesjonalna stolarnia, \u015bwietnie wyposa\u017cone studio graficzne, a tak\u017ce dzia\u0142 elektryki i multimedi\u00f3w to wizyt\u00f3wka naszej firmy.<\/p>\n\n\n\n<p>Nasze zaplecze produkcyjne sk\u0142ada si\u0119 z innowacyjnie wyposa\u017conej stolarni, w kt\u00f3rej \u2013 opr\u00f3cz pi\u0142 formatowych \u2013 znajduj\u0105 si\u0119 tak\u017ce pe\u0142nowymiarowe frezarki CNC o obszarze roboczym 3\u00d72 metry, pozwalaj\u0105ce wycina\u0107 nawet najwymy\u015blniejsze projekty grafik, mebli lub te\u017c elementy wystroj\u00f3w wn\u0119trz, \u015bcian i pod\u0142\u00f3g. Dysponujemy r\u00f3\u017cnymi rodzajami drewna, laminat\u00f3w, lakier\u00f3w i wyk\u0142adzin. R\u00f3\u017cnorodno\u015b\u0107 proponowanych przez nas rozwi\u0105za\u0144 zawiera materia\u0142y z r\u00f3\u017cnych p\u00f3\u0142ek cenowych, w&nbsp;tym towar ekskluzywny \u2013 przygotowywany na specjalne zam\u00f3wienie.<\/p>\n\n\n\n<p>Nasz dzia\u0142 graficzny to bogato wyposa\u017cony park maszynowy, w kt\u00f3rym znajduj\u0105 si\u0119 m.in. plotery do wydruk\u00f3w (oferujemy wydruki wyklejane, wydruki na tkaninach), czy ploter laserowy CO<sub>2<\/sub>, za pomoc\u0105 kt\u00f3rego wycinamy litery 3D, elementy stojak\u00f3w, stand\u00f3w oraz grawerujemy w szkle. Przetestowali\u015bmy dziesi\u0105tki najr\u00f3\u017cniejszych rodzaj\u00f3w o\u015bwietlenia LED do budowy w\u0142asnych projekt\u00f3w, kaseton\u00f3w, szyld\u00f3w reklamowych, lamp itp.<\/p>\n\n\n\n<p>Wykonujemy zabudow\u0119 pi\u0119trow\u0105, system no\u015bny do sufit\u00f3w podwieszanych, zabudow\u0119 schod\u00f3w prostych oraz o k\u0105tach 45\u00b0, 90\u00b0, 180\u00b0 z urozmaiconym wyborem kszta\u0142t\u00f3w stopni. W naszym katalogu znajduj\u0105 si\u0119 r\u00f3wnie\u017c profile stalowe, stal okr\u0105g\u0142a, rury malowane proszkowo, stal nierdzewna. O&nbsp;stabilno\u015b\u0107 stawianych przez nas konstrukcji dba in\u017cynier-statyk o pe\u0142nych uprawnieniach konstrukcyjno-budowlanych.<\/p>\n\n\n\n<p>Zatrudniamy wykwalifikowanych stolarzy, malarzy, elektryk\u00f3w i monter\u00f3w. Dzia\u0142amy kompleksowo \u2013 zakres naszych us\u0142ug obejmuje wyko\u0144czenia \u015bcian, pod\u0142\u00f3g, sufit\u00f3w, instalacj\u0119 o\u015bwietlenia, meble na zam\u00f3wienie (szafy, lady, biurka, zabudowy \u015bcian), jak r\u00f3wnie\u017c prace wyko\u0144czeniowe. Posiadamy w\u0142asny tabor samochod\u00f3w dostawczych i ci\u0119\u017carowych. Lata do\u015bwiadcze\u0144 w wielu mi\u0119dzynarodowych o\u015brodkach bran\u017cy targowej Europy nauczy\u0142y nas wykorzystywania ciekawych rozwi\u0105za\u0144 konstrukcyjnych i technologicznych. Podejmujemy si\u0119 nawet najbardziej nowatorskich realizacji.<\/p>\n<\/div><\/div>\n\n\n\n<div class=\"wp-block-aab-accordion-item aagb__accordion_container\" style=\"border:1px solid #cccccc;margin-top:0px;margin-bottom:15px;border-radius:0px\"><div class=\"aagb__accordion_head aab_right_icon\" data-active=\"false\" style=\"color:#333333;background-color:transparent;padding:10px 15px 10px 15px\"><div class=\"aagb__accordion_heading aab_right_icon\"><h4 class=\"aagb__accordion_title\" style=\"margin:0;color:#333333\">EXPO CODE sp. z o.o. (Rzesz\u00f3w)<\/h4><\/div><div class=\"aagb__accordion_icon\" style=\"color:#333333;background-color:transparent\"><span class=\"aagb__icon dashicons dashicons-plus-alt2\"><\/span><\/div><\/div><div class=\"aagb__accordion_body \" role=\"region\" style=\"background-color:transparent;border-top:1px solid #cccccc;padding:10px 15px 10px 15px\">\n<div class=\"wp-block-columns is-layout-flex wp-container-core-columns-is-layout-9d6595d7 wp-block-columns-is-layout-flex\">\n<div class=\"wp-block-column is-layout-flow wp-block-column-is-layout-flow\">\n<p><strong>Adres<\/strong>: Mieszka I 48\/50, 35-303 Rzesz\u00f3w<br><strong>Telefon<\/strong>: +48 17 250 09 09<br><strong>E-mail<\/strong>: biuro@expocode.pl<br><strong>Strona www<\/strong>: http:\/\/expocode.pl\/pl\/<\/p>\n<\/div>\n\n\n\n<div class=\"wp-block-column is-layout-flow wp-block-column-is-layout-flow\"><div class=\"wp-block-image\">\n<figure class=\"aligncenter size-full\"><img loading=\"lazy\" decoding=\"async\" width=\"135\" height=\"124\" src=\"https:\/\/polfair.pl\/new\/wp-content\/uploads\/2023\/10\/expocode-logo.jpg\" alt=\"\" class=\"wp-image-2319\"\/><\/figure>\n<\/div><\/div>\n<\/div>\n\n\n\n<p>Kompleksowa realizacja najbardziej z\u0142o\u017conych projekt\u00f3w w dowolnym miejscu na \u015bwiecie. Projekty, us\u0142ugi i produkty Expo Code realizowane s\u0105 w oparciu o nowoczesne technologie, oprogramowanie i wzornictwo. Dla klient\u00f3w Expo Code optymalizuje koszty inwestycji m. in. poprzez minimalizacje ilo\u015bci odpad\u00f3w produkcyjnych, zastosowanie materia\u0142\u00f3w wielokrotnego u\u017cytku i technologii LED co dodatkowo wp\u0142ywa na ochron\u0119 \u015brodowiska naturalnego. W trakcie imprez targowych Expo Code zapewnia pe\u0142na opiek\u0119 i wsparcie techniczne.<\/p>\n<\/div><\/div>\n\n\n\n<div class=\"wp-block-aab-accordion-item aagb__accordion_container\" style=\"border:1px solid #cccccc;margin-top:0px;margin-bottom:15px;border-radius:0px\"><div class=\"aagb__accordion_head aab_right_icon\" data-active=\"false\" style=\"color:#333333;background-color:transparent;padding:10px 15px 10px 15px\"><div class=\"aagb__accordion_heading aab_right_icon\"><h4 class=\"aagb__accordion_title\" style=\"margin:0;color:#333333\">EXPO STYL Us\u0142ugi Projektowe i Wystawiennicze Andrzej Janusz (Warszawa)<\/h4><\/div><div class=\"aagb__accordion_icon\" style=\"color:#333333;background-color:transparent\"><span class=\"aagb__icon dashicons dashicons-plus-alt2\"><\/span><\/div><\/div><div class=\"aagb__accordion_body \" role=\"region\" style=\"background-color:transparent;border-top:1px solid #cccccc;padding:10px 15px 10px 15px\">\n<div class=\"wp-block-columns is-layout-flex wp-container-core-columns-is-layout-9d6595d7 wp-block-columns-is-layout-flex\">\n<div class=\"wp-block-column is-layout-flow wp-block-column-is-layout-flow\">\n<p><strong>Adres<\/strong>: Henryka Raabego 8 lok. 3, 05-830 Warszawa<br><strong>Telefon<\/strong>: +48 22 855 42 96<br><strong>Fax<\/strong>: +48 22 256 71 53<br><strong>E-mail<\/strong>: biuro@expostyl.com<br><strong>Strona www<\/strong>:&nbsp;<a href=\"http:\/\/www.expostyl.com\/\" rel=\"nofollow noopener\" target=\"_blank\">http:\/\/www.expostyl.com\/<\/a><\/p>\n<\/div>\n\n\n\n<div class=\"wp-block-column is-layout-flow wp-block-column-is-layout-flow\"><div class=\"wp-block-image\">\n<figure class=\"aligncenter size-full\"><img loading=\"lazy\" decoding=\"async\" width=\"135\" height=\"124\" src=\"https:\/\/polfair.pl\/new\/wp-content\/uploads\/2023\/10\/expo-style-logo.jpg\" alt=\"\" class=\"wp-image-2317\"\/><\/figure>\n<\/div><\/div>\n<\/div>\n\n\n\n<p>EXPO STYL dzia\u0142a w bran\u017cy wystawienniczej od ponad pi\u0119tnastu lat. Posiada ogromne do\u015bwiadczenie w zakresie projektowania i wykonywania \u201epod klucz\u201d wszelkiego rodzaju zabudowy targowej. Na etapie przygotowywania projektu prowadzi szczeg\u00f3\u0142owe konsultacje z klientem, aby ustali\u0107 sp\u00f3jn\u0105 wizj\u0119 oczekiwa\u0144 zleceniodawcy i mo\u017cliwo\u015bci technicznych. Podczas ustawiania stoiska targowego zapewnia profesjonaln\u0105 obs\u0142ug\u0119. S\u0142u\u017cy porad\u0105 w zakresie technicznym oraz merytorycznym. Podczas realizacji projektu, ka\u017cdorazowo prowadzi nadz\u00f3r techniczny nad w\u0142a\u015bciwym wykonaniem stoiska wystawienniczego. Ponadto oferuje r\u00f3wnie\u017c swoje us\u0142ugi w dope\u0142nieniu wszelkich formalno\u015bci targowych. Stoiska targowe w oparciu o najnowsze trendy w zakresie wystawiennictwa i przy wykorzystaniu innowacyjnych rozwi\u0105za\u0144 technologicznych. Projekty stoisk wystawienniczych niestandardowych, wykorzystuj\u0105c ciekawe, niebanalne pomys\u0142y i propozycje klient\u00f3w. Wszystkie prace wykonywane s\u0105 w oparciu o systemy OCTANORM, MAXIMA LIGHT. Zabudowa targowa opiera si\u0119 r\u00f3wnie\u017c o konstrukcje pi\u0119trowe, konstrukcje typu \u201etrilok\u201d czy \u201estruktura\u201d z wykorzystaniem p\u0142yt MDF, pleksi, szk\u0142a, poliw\u0119glanu kom\u00f3rkowego, stali, blachy perforowane, drewna, ro\u015blin, wysokiej jako\u015bci wyk\u0142adziny pod\u0142ogowej, paneli itp.<\/p>\n<\/div><\/div>\n\n\n\n<div class=\"wp-block-aab-accordion-item aagb__accordion_container\" style=\"border:1px solid #cccccc;margin-top:0px;margin-bottom:15px;border-radius:0px\"><div class=\"aagb__accordion_head aab_right_icon\" data-active=\"false\" style=\"color:#333333;background-color:transparent;padding:10px 15px 10px 15px\"><div class=\"aagb__accordion_heading aab_right_icon\"><h4 class=\"aagb__accordion_title\" style=\"margin:0;color:#333333\">EXTEND VISION sp. z o.o. (Krak\u00f3w)<\/h4><\/div><div class=\"aagb__accordion_icon\" style=\"color:#333333;background-color:transparent\"><span class=\"aagb__icon dashicons dashicons-plus-alt2\"><\/span><\/div><\/div><div class=\"aagb__accordion_body \" role=\"region\" style=\"background-color:transparent;border-top:1px solid #cccccc;padding:10px 15px 10px 15px\">\n<div class=\"wp-block-columns is-layout-flex wp-container-core-columns-is-layout-9d6595d7 wp-block-columns-is-layout-flex\">\n<div class=\"wp-block-column is-layout-flow wp-block-column-is-layout-flow\">\n<p><strong>Adres<\/strong>: Kamienna 43, 31-403 Krak\u00f3w<br><strong>Telefon<\/strong>: +48 12 415 5111<br><strong>Fax<\/strong>: + 48 12 415 5155, 415 5111<br><strong>E-mail<\/strong>: biuro@extendvision.pl<br><strong>Strona www<\/strong>:&nbsp;<a href=\"http:\/\/www.wystawa.pl\/\" rel=\"nofollow noopener\" target=\"_blank\">http:\/\/www.wystawa.pl\/<\/a><\/p>\n<\/div>\n\n\n\n<div class=\"wp-block-column is-layout-flow wp-block-column-is-layout-flow\"><div class=\"wp-block-image\">\n<figure class=\"aligncenter size-full\"><img loading=\"lazy\" decoding=\"async\" width=\"135\" height=\"124\" src=\"https:\/\/polfair.pl\/new\/wp-content\/uploads\/2023\/10\/extend-vision-logo.jpg\" alt=\"\" class=\"wp-image-2315\"\/><\/figure>\n<\/div><\/div>\n<\/div>\n\n\n\n<p>Firma Extend Vision dzia\u0142a na rynku marketingu wystawienniczego od roku 1994 r. Klienci firmy mog\u0105 wybiera\u0107 w\u015br\u00f3d szerokiej gamy ekonomicznych rozwi\u0105za\u0144 wystawienniczych. Podstawowy profil dzia\u0142alno\u015bci firmy to obs\u0142uga w zakresie wyposa\u017cenia firm w systemy wystawiennicze, konferencyjne, targowe, promocyjne, pocz\u0105wszy od projektu graficznego po finalny produkt. Ca\u0142o\u015b\u0107 oferty koncentruje si\u0119 na trzech g\u0142\u00f3wnych dziedzinach: sprzeda\u017cy mobilnych system\u00f3w wystawienniczych, daj\u0105cych mo\u017cliwo\u015b\u0107 samodzielnego monta\u017cu i demonta\u017cu, autorskiej i systemowej zabudowie, kompleksowej obs\u0142udze targowej oraz solventowym i atramentowym druku wielkoformatowym. Firma wci\u0105\u017c poszerza zakres swojej dzia\u0142alno\u015bci w obr\u0119bie rynku wystawienniczego. Dzia\u0142alno\u015b\u0107 Extend Vision zosta\u0142a uhonorowana licznymi nagrodami i wyr\u00f3\u017cnieniami: Gazela Biznesu, Oko Reklamy, Statuetka Fair Play, Z\u0142oty Medal MTP, Acanthus Aureus.<\/p>\n<\/div><\/div>\n\n\n\n<div class=\"wp-block-aab-accordion-item aagb__accordion_container\" style=\"border:1px solid #cccccc;margin-top:0px;margin-bottom:15px;border-radius:0px\"><div class=\"aagb__accordion_head aab_right_icon\" data-active=\"false\" style=\"color:#333333;background-color:transparent;padding:10px 15px 10px 15px\"><div class=\"aagb__accordion_heading aab_right_icon\"><h4 class=\"aagb__accordion_title\" style=\"margin:0;color:#333333\">FAIR TEAM Micha\u0142 Hempowicz (Pozna\u0144)<\/h4><\/div><div class=\"aagb__accordion_icon\" style=\"color:#333333;background-color:transparent\"><span class=\"aagb__icon dashicons dashicons-plus-alt2\"><\/span><\/div><\/div><div class=\"aagb__accordion_body \" role=\"region\" style=\"background-color:transparent;border-top:1px solid #cccccc;padding:10px 15px 10px 15px\">\n<div class=\"wp-block-columns is-layout-flex wp-container-core-columns-is-layout-9d6595d7 wp-block-columns-is-layout-flex\">\n<div class=\"wp-block-column is-layout-flow wp-block-column-is-layout-flow\">\n<p><strong>Adres<\/strong>: Jana Ludygi-Laskowskiego 16, 61-407 Pozna\u0144<\/p>\n\n\n\n<p><strong>Telefon<\/strong>: +48 604 971 910<\/p>\n\n\n\n<p><strong>E-mail<\/strong>: info@fairteam.pl<\/p>\n\n\n\n<p><strong>Strona www<\/strong>:&nbsp;<a href=\"http:\/\/fairteam.pl\/\" rel=\"nofollow noopener\" target=\"_blank\">http:\/\/fairteam.pl<\/a><\/p>\n<\/div>\n\n\n\n<div class=\"wp-block-column is-layout-flow wp-block-column-is-layout-flow\"><div class=\"wp-block-image\">\n<figure class=\"aligncenter size-full\"><img loading=\"lazy\" decoding=\"async\" width=\"135\" height=\"124\" src=\"https:\/\/polfair.pl\/new\/wp-content\/uploads\/2023\/10\/fair-team-logo.png\" alt=\"\" class=\"wp-image-2314\"\/><\/figure>\n<\/div><\/div>\n<\/div>\n\n\n\n<p>Projektowanie i budowa stoisk targowych.<\/p>\n<\/div><\/div>\n\n\n\n<div class=\"wp-block-aab-accordion-item aagb__accordion_container\" style=\"border:1px solid #cccccc;margin-top:0px;margin-bottom:15px;border-radius:0px\"><div class=\"aagb__accordion_head aab_right_icon\" data-active=\"false\" style=\"color:#333333;background-color:transparent;padding:10px 15px 10px 15px\"><div class=\"aagb__accordion_heading aab_right_icon\"><h4 class=\"aagb__accordion_title\" style=\"margin:0;color:#333333\">FLEXVISION Sp. z o.o. (Wroc\u0142aw)<\/h4><\/div><div class=\"aagb__accordion_icon\" style=\"color:#333333;background-color:transparent\"><span class=\"aagb__icon dashicons dashicons-plus-alt2\"><\/span><\/div><\/div><div class=\"aagb__accordion_body \" role=\"region\" style=\"background-color:transparent;border-top:1px solid #cccccc;padding:10px 15px 10px 15px\">\n<div class=\"wp-block-columns is-layout-flex wp-container-core-columns-is-layout-9d6595d7 wp-block-columns-is-layout-flex\">\n<div class=\"wp-block-column is-layout-flow wp-block-column-is-layout-flow\">\n<p><strong>Adres<\/strong>: Jerzmanowska 19H, 54-530, Wroc\u0142aw<\/p>\n\n\n\n<p><strong>Telefon<\/strong>: + 48 71 733 69 15; + 48 513 070 617<\/p>\n\n\n\n<p><strong>E-mail<\/strong>: info@flexvision.pl<\/p>\n\n\n\n<p><strong>Strona www<\/strong>:&nbsp;<a href=\"http:\/\/www.flexvision.pl\/\" target=\"_blank\" rel=\"noreferrer noopener nofollow\">http:\/\/www.flexvision.pl<\/a><\/p>\n<\/div>\n\n\n\n<div class=\"wp-block-column is-layout-flow wp-block-column-is-layout-flow\"><div class=\"wp-block-image\">\n<figure class=\"aligncenter size-full\"><img loading=\"lazy\" decoding=\"async\" width=\"125\" height=\"36\" src=\"https:\/\/polfair.pl\/new\/wp-content\/uploads\/2023\/10\/flexvision_low.jpg\" alt=\"\" class=\"wp-image-2427\"\/><\/figure>\n<\/div><\/div>\n<\/div>\n\n\n\n<p>Flexvision to lider w polskiej bran\u017cy multimedialnej. W naszej ofercie znajduj\u0105 si\u0119 ekrany led, monitory, totemy oraz nag\u0142o\u015bnienie.<\/p>\n\n\n\n<p>Firma powsta\u0142a w 2008 roku we Wroc\u0142awiu. Mamy za sob\u0105 szereg projekt\u00f3w oprawy wizualnej koncert\u00f3w, wydarze\u0144 sportowych, targ\u00f3w, konferencji, czy pokaz\u00f3w mody. Wykorzystuj\u0105c innowacyjne i interaktywne rozwi\u0105zania audiowizualne wzbogacamy ka\u017cde wydarzenie w Polsce i za granic\u0105(realizacje m.in. w Niemczech, W\u0142oszech, Francji, Hiszpanii, Holandii, czy Belgii). Naszym priorytetem jest zadowolenie i pe\u0142na satysfakcja Klient\u00f3w.<\/p>\n<\/div><\/div>\n\n\n\n<div class=\"wp-block-aab-accordion-item aagb__accordion_container\" style=\"border:1px solid #cccccc;margin-top:0px;margin-bottom:15px;border-radius:0px\"><div class=\"aagb__accordion_head aab_right_icon\" data-active=\"false\" style=\"color:#333333;background-color:transparent;padding:10px 15px 10px 15px\"><div class=\"aagb__accordion_heading aab_right_icon\"><h4 class=\"aagb__accordion_title\" style=\"margin:0;color:#333333\">H2 Messebau Sp. z o.o. Sp. K. (Tarnowa Podg\u00f3rna)<\/h4><\/div><div class=\"aagb__accordion_icon\" style=\"color:#333333;background-color:transparent\"><span class=\"aagb__icon dashicons dashicons-plus-alt2\"><\/span><\/div><\/div><div class=\"aagb__accordion_body \" role=\"region\" style=\"background-color:transparent;border-top:1px solid #cccccc;padding:10px 15px 10px 15px\">\n<div class=\"wp-block-columns is-layout-flex wp-container-core-columns-is-layout-9d6595d7 wp-block-columns-is-layout-flex\">\n<div class=\"wp-block-column is-layout-flow wp-block-column-is-layout-flow\">\n<p><strong>Adres<\/strong>:&nbsp; Marianowska 5, 62-080, Tarnowo Podg\u00f3rne<\/p>\n\n\n\n<p><strong>Telefon<\/strong>: +48 61 85 51 562<\/p>\n\n\n\n<p><strong>E-mail<\/strong>:\u00a0info@h2-messebau.eu<\/p>\n\n\n\n<p><strong>Strona www<\/strong>:<a href=\"https:\/\/h2messebau.eu\/\" target=\"_blank\" rel=\"noreferrer noopener nofollow\">&nbsp;https:\/\/h2messebau.eu\/<\/a><\/p>\n<\/div>\n\n\n\n<div class=\"wp-block-column is-layout-flow wp-block-column-is-layout-flow\"><div class=\"wp-block-image\">\n<figure class=\"aligncenter size-full is-resized\"><img loading=\"lazy\" decoding=\"async\" width=\"340\" height=\"156\" src=\"https:\/\/polfair.pl\/new\/wp-content\/uploads\/2023\/09\/Logo_H2.jpg\" alt=\"\" class=\"wp-image-2006\" style=\"width:200px\"\/><\/figure>\n<\/div><\/div>\n<\/div>\n\n\n\n<p>Jeste\u015bmy dynamicznym zespo\u0142em \u0142\u0105cz\u0105cym do\u015bwiadczenie, talent i pasj\u0119. Od pierwszego kontaktu, a\u017c do przekazania gotowego stoiska w Twoje r\u0119ce, pozostajemy ca\u0142kowicie skupieni na projekcie \u2013 tak, aby uczestnictwo w imprezie targowej sta\u0142o si\u0119 oczekiwanym spe\u0142nieniem celu: obietnic\u0105 adekwatnej i inspiruj\u0105cej prezentacji istoty Twojej firmy. D\u0105\u017cymy do ko\u0144cowego efektu b\u0119d\u0105cego wyrazem idei targ\u00f3w: spotka\u0144 w tw\u00f3rczej, przyjaznej przestrzeni sprzyjaj\u0105cej rozwijaniu relacji, poznawaniu nowych Klient\u00f3w i rodzeniu si\u0119 nowych dr\u00f3g rozwoju.<\/p>\n<\/div><\/div>\n\n\n\n<div class=\"wp-block-aab-accordion-item aagb__accordion_container\" style=\"border:1px solid #cccccc;margin-top:0px;margin-bottom:15px;border-radius:0px\"><div class=\"aagb__accordion_head aab_right_icon\" data-active=\"false\" style=\"color:#333333;background-color:transparent;padding:10px 15px 10px 15px\"><div class=\"aagb__accordion_heading aab_right_icon\"><h4 class=\"aagb__accordion_title\" style=\"margin:0;color:#333333\">HERMES STUDIO EXPO Krzysztof Boczkowski (Pozna\u0144)<\/h4><\/div><div class=\"aagb__accordion_icon\" style=\"color:#333333;background-color:transparent\"><span class=\"aagb__icon dashicons dashicons-plus-alt2\"><\/span><\/div><\/div><div class=\"aagb__accordion_body \" role=\"region\" style=\"background-color:transparent;border-top:1px solid #cccccc;padding:10px 15px 10px 15px\">\n<div class=\"wp-block-columns is-layout-flex wp-container-core-columns-is-layout-9d6595d7 wp-block-columns-is-layout-flex\">\n<div class=\"wp-block-column is-layout-flow wp-block-column-is-layout-flow\">\n<p><strong>Adres<\/strong>: ul. Hawela\u0144ska 1, 61- 625 Pozna\u0144<br><strong>Telefon<\/strong>: +48 61 847 6001 w. 239, +48 601 736 781<br><strong>Fax<\/strong>: +48 61 841 1881<br><strong>E-mail<\/strong>: biuro@hermes.poznan.pl<br><strong>Strona www<\/strong>:&nbsp;<a href=\"http:\/\/www.hermes.poznan.pl\/\" rel=\"nofollow noopener\" target=\"_blank\">http:\/\/www.hermes.poznan.pl\/<\/a><\/p>\n<\/div>\n\n\n\n<div class=\"wp-block-column is-layout-flow wp-block-column-is-layout-flow\"><div class=\"wp-block-image\">\n<figure class=\"aligncenter size-full\"><img loading=\"lazy\" decoding=\"async\" width=\"135\" height=\"124\" src=\"https:\/\/polfair.pl\/new\/wp-content\/uploads\/2023\/10\/hermes-logo.png\" alt=\"\" class=\"wp-image-2312\"\/><\/figure>\n<\/div><\/div>\n<\/div>\n\n\n\n<p>Kompleksowa realizacja niesystemowych stoisk targowych wed\u0142ug indywidualnych projekt\u00f3w, stoisk w systemie oktagonalnym lub z element\u00f3w drewnianych i p\u0142yt gipsowo-kartonowych, wraz z opraw\u0105 plastyczn\u0105, wykonaniem instalacji elektrycznej i wodno-kanalizacyjnej. Stoiska pi\u0119trowe i pawilony na powierzchni otwartej.<\/p>\n<\/div><\/div>\n\n\n\n<div class=\"wp-block-aab-accordion-item aagb__accordion_container\" style=\"border:1px solid #cccccc;margin-top:0px;margin-bottom:15px;border-radius:0px\"><div class=\"aagb__accordion_head aab_right_icon\" data-active=\"false\" style=\"color:#333333;background-color:transparent;padding:10px 15px 10px 15px\"><div class=\"aagb__accordion_heading aab_right_icon\"><h4 class=\"aagb__accordion_title\" style=\"margin:0;color:#333333\">IDEAEXPO.MTP (Pozna\u0144)<\/h4><\/div><div class=\"aagb__accordion_icon\" style=\"color:#333333;background-color:transparent\"><span class=\"aagb__icon dashicons dashicons-plus-alt2\"><\/span><\/div><\/div><div class=\"aagb__accordion_body \" role=\"region\" style=\"background-color:transparent;border-top:1px solid #cccccc;padding:10px 15px 10px 15px\">\n<div class=\"wp-block-columns is-layout-flex wp-container-core-columns-is-layout-9d6595d7 wp-block-columns-is-layout-flex\">\n<div class=\"wp-block-column is-layout-flow wp-block-column-is-layout-flow\">\n<p><strong>Adres<\/strong>: G\u0142ogowska 14, 60-734 Pozna\u0144<\/p>\n\n\n\n<p><strong>Telefon<\/strong>: +48 61 869 23 33<\/p>\n\n\n\n<p><strong>Fax<\/strong>: +48 61 869 29 63<\/p>\n\n\n\n<p><strong>E-mail<\/strong>: ideaexpo@grupamtp.pl<\/p>\n\n\n\n<p><strong>Strona www<\/strong>: http:\/\/www.ideaexpo.pl\/pl\/<\/p>\n<\/div>\n\n\n\n<div class=\"wp-block-column is-layout-flow wp-block-column-is-layout-flow\"><div class=\"wp-block-image\">\n<figure class=\"aligncenter size-full\"><img loading=\"lazy\" decoding=\"async\" width=\"150\" height=\"80\" src=\"https:\/\/polfair.pl\/new\/wp-content\/uploads\/2023\/10\/idea-expo-logo.jpg\" alt=\"\" class=\"wp-image-2311\"\/><\/figure>\n<\/div><\/div>\n<\/div>\n\n\n\n<p>IDEA Expo \u2013 niezawodny partner w budowie stoisk i organizacji wydarze\u0144<\/p>\n\n\n\n<p>IDEA Expo to marka, za kt\u00f3r\u0105 stoi ponad 30 lat do\u015bwiadcze\u0144 w bran\u017cy targowej oraz eventowej. Kilkadziesi\u0105t lat temu zaczynali\u015bmy, jako zesp\u00f3\u0142 budowy stoisk na targach organizowanych na terenie Mi\u0119dzynarodowych Targ\u00f3w Pozna\u0144skich. Z czasem nasza dzia\u0142alno\u015b\u0107 poszerzy\u0142a si\u0119 o stoiska na targach w ca\u0142ej Polsce oraz za granic\u0105, a drugim filarem sta\u0142a si\u0119 organizacja i techniczna obs\u0142uga wydarze\u0144. Udany maria\u017c obu rodzaj\u00f3w dzia\u0142alno\u015bci to nasza mocna strona, albowiem mo\u017cemy zaproponowa\u0107 klientom kompleksow\u0105 obs\u0142ug\u0119 targowo-eventow\u0105 w ka\u017cdym miejscu w Polsce i Europie.<\/p>\n\n\n\n<p>W chwili obecnej w naszym portfolio znale\u017a\u0107 mo\u017cna zar\u00f3wno efektowne stoiska dla lider\u00f3w rynkowych, jak r\u00f3wnie\u017c szerok\u0105 gam\u0119 stoisk dla ma\u0142ych i \u015brednich firm, w tym tak\u017ce stoiska systemowe.<\/p>\n\n\n\n<p>W zakresie wydarze\u0144 specjalizujemy si\u0119 w obs\u0142udze event\u00f3w korporacyjnych, gal jubileuszowych, presti\u017cowych konferencji i kongres\u00f3w, w tym tak\u017ce mi\u0119dzynarodowych, wydarze\u0144 artystycznych, kulturalnych, sportowych oraz koncert\u00f3w. Nasz\u0105 mocn\u0105 stron\u0105 s\u0105 wydarzenia plenerowe.<\/p>\n\n\n\n<p>Zapewniamy Klientom komfort i poczucie bezpiecze\u0144stwa przez ca\u0142y proces realizacji projektu od indywidualnie przygotowanej koncepcji wraz z doradztwem technicznym poprzez jej realizacj\u0119 i obs\u0142ug\u0119.<\/p>\n\n\n\n<p>Zapraszamy do wsp\u00f3\u0142pracy zar\u00f3wno klient\u00f3w indywidualnych, jak r\u00f3wnie\u017c agencje eventowe.<\/p>\n<\/div><\/div>\n\n\n\n<div class=\"wp-block-aab-accordion-item aagb__accordion_container\" style=\"border:1px solid #cccccc;margin-top:0px;margin-bottom:15px;border-radius:0px\"><div class=\"aagb__accordion_head aab_right_icon\" data-active=\"false\" style=\"color:#333333;background-color:transparent;padding:10px 15px 10px 15px\"><div class=\"aagb__accordion_heading aab_right_icon\"><h4 class=\"aagb__accordion_title\" style=\"margin:0;color:#333333\">KONARSKI &amp; BZOWSKI sp. j. (Warszawa)<\/h4><\/div><div class=\"aagb__accordion_icon\" style=\"color:#333333;background-color:transparent\"><span class=\"aagb__icon dashicons dashicons-plus-alt2\"><\/span><\/div><\/div><div class=\"aagb__accordion_body \" role=\"region\" style=\"background-color:transparent;border-top:1px solid #cccccc;padding:10px 15px 10px 15px\">\n<div class=\"wp-block-columns is-layout-flex wp-container-core-columns-is-layout-9d6595d7 wp-block-columns-is-layout-flex\">\n<div class=\"wp-block-column is-layout-flow wp-block-column-is-layout-flow\">\n<p><strong>Adres<\/strong>:Mieszka 1,03-886 Warszawa<\/p>\n\n\n\n<p><strong>Telefon<\/strong>: +48 504 007 667; +48 502 060 602<\/p>\n\n\n\n<p><strong>E-mail<\/strong>: biuro@konarskibzowski.pl<\/p>\n\n\n\n<p><strong>Strona www<\/strong>:&nbsp;<a href=\"http:\/\/konarskibzowski.com\/\" target=\"_blank\" rel=\"noreferrer noopener nofollow\">http:\/\/konarskibzowski.com<\/a><\/p>\n<\/div>\n\n\n\n<div class=\"wp-block-column is-layout-flow wp-block-column-is-layout-flow\"><div class=\"wp-block-image\">\n<figure class=\"aligncenter size-full\"><img loading=\"lazy\" decoding=\"async\" width=\"150\" height=\"24\" src=\"https:\/\/polfair.pl\/new\/wp-content\/uploads\/2023\/10\/konarski-bzowski-logo.jpg\" alt=\"\" class=\"wp-image-2308\"\/><\/figure>\n<\/div><\/div>\n<\/div>\n\n\n\n<p>Firma kompleksowo obs\u0142uguje realizacj\u0119 stoisk wystawienniczych, aran\u017cuje wn\u0119trza komercyjne i tworzy wizualizacj\u0119 3d i oferuje pe\u0142n\u0105 ich realizacj\u0119.<\/p>\n<\/div><\/div>\n\n\n\n<div class=\"wp-block-aab-accordion-item aagb__accordion_container\" style=\"border:1px solid #cccccc;margin-top:0px;margin-bottom:15px;border-radius:0px\"><div class=\"aagb__accordion_head aab_right_icon\" data-active=\"false\" style=\"color:#333333;background-color:transparent;padding:10px 15px 10px 15px\"><div class=\"aagb__accordion_heading aab_right_icon\"><h4 class=\"aagb__accordion_title\" style=\"margin:0;color:#333333\">KREATIVIA sp. z o.o. sp. k. (Prze\u017amierowo \/ k. Poznania)<\/h4><\/div><div class=\"aagb__accordion_icon\" style=\"color:#333333;background-color:transparent\"><span class=\"aagb__icon dashicons dashicons-plus-alt2\"><\/span><\/div><\/div><div class=\"aagb__accordion_body \" role=\"region\" style=\"background-color:transparent;border-top:1px solid #cccccc;padding:10px 15px 10px 15px\">\n<div class=\"wp-block-columns is-layout-flex wp-container-core-columns-is-layout-9d6595d7 wp-block-columns-is-layout-flex\">\n<div class=\"wp-block-column is-layout-flow wp-block-column-is-layout-flow\">\n<p><strong>Adres<\/strong>: Sk\u0142adowa 10, 61-081 Prze\u017amierowo\/ k. Poznania<\/p>\n\n\n\n<p><strong>Telefon<\/strong>: +48 784 163 164<\/p>\n\n\n\n<p><strong>E-mail<\/strong>: paulina.sadej@kreativia.pl, paulina.sadej@kreativia.pl<\/p>\n\n\n\n<p><strong>Strona www<\/strong>:\u00a0<a href=\"http:\/\/konarskibzowski.com\/\" target=\"_blank\" rel=\"noreferrer noopener nofollow\">http:\/\/konarskibzowski.com<\/a><\/p>\n<\/div>\n\n\n\n<div class=\"wp-block-column is-layout-flow wp-block-column-is-layout-flow\"><div class=\"wp-block-image\">\n<figure class=\"aligncenter size-full\"><img loading=\"lazy\" decoding=\"async\" width=\"150\" height=\"33\" src=\"https:\/\/polfair.pl\/new\/wp-content\/uploads\/2023\/10\/kreativia-logo.jpg\" alt=\"\" class=\"wp-image-2307\"\/><\/figure>\n<\/div><\/div>\n<\/div>\n\n\n\n<p>Kreativia to drukarnia wielkoformatowa, dzia\u0142aj\u0105ca g\u0142\u00f3wnie na rynkach europejskich. Jeste\u015bmy producentem Modu\u0142owych Stoisk Targowych MODULARICO.<\/p>\n\n\n\n<p>System MODULARICO wyr\u00f3\u017cnia si\u0119 na tle konkurencji&nbsp;wewn\u0119trznym pod\u015bwietleniem.&nbsp;Dzi\u0119ki temu, stoisko MODULARICO M100LED&nbsp; \u015bwieci (a nie jest tylko o\u015bwietlone przez zewn\u0119trzne lampy na wysi\u0119gnikach) i pot\u0119guje efekt doskona\u0142ych kolor\u00f3w, wydrukowanych na tkaninach.<\/p>\n\n\n\n<p>System MODULARICO zawiera trzy linie stoisk: M50, Q50 i M100LED.<\/p>\n\n\n\n<p>Ka\u017cde z nich, oparte jest na profilach aluminiowych, kt\u00f3re mo\u017cna dowolnie zestawia\u0107 ze sob\u0105. Zamawiaj\u0105c stoisko masz mo\u017cliwo\u015b\u0107 dostosowania go do aktualnych wymaga\u0144.<\/p>\n\n\n\n<p>MODULARICO to r\u00f3wnie\u017c komplementarne systemy, kt\u00f3re z powodzeniem u\u017cywane s\u0105 na targach. Poznaj nasze systemy: PODIUM, FARO, MODULAR CUBE, MODULAR FORM.<\/p>\n\n\n\n<p><strong>FINANSOWANIE:<\/strong><\/p>\n\n\n\n<p><strong>Jako jedni z nielicznych na rynku, posiadamy w ofercie zakup stoiska w Leasingu!<\/strong><\/p>\n\n\n\n<p>Mo\u017cesz r\u00f3wnie\u017c wynaj\u0105\u0107 stoisko lub kupi\u0107 je na w\u0142asno\u015b\u0107.<\/p>\n\n\n\n<p>S\u0142u\u017cymy fachowym doradztwem w zakresie budowy stoisk targowych. Do ka\u017cdej wyceny przesy\u0142amy wizualizacj\u0119 3D, aby\u015b bez \u017cadnych przeszk\u00f3d m\u00f3g\u0142 pozna\u0107 sw\u00f3j finalny produkt.<\/p>\n\n\n\n<p><strong>KREATIVIA. WE DO, WHAT OTHERS DON\u2019T<\/strong><\/p>\n<\/div><\/div>\n\n\n\n<div class=\"wp-block-aab-accordion-item aagb__accordion_container\" style=\"border:1px solid #cccccc;margin-top:0px;margin-bottom:15px;border-radius:0px\"><div class=\"aagb__accordion_head aab_right_icon\" data-active=\"false\" style=\"color:#333333;background-color:transparent;padding:10px 15px 10px 15px\"><div class=\"aagb__accordion_heading aab_right_icon\"><h4 class=\"aagb__accordion_title\" style=\"margin:0;color:#333333\">INEXPO &#8211; Pozna\u0144ska Agencja Targowa Piotr Wojewodzic Jan Lisiak s.j. (Pozna\u0144)<\/h4><\/div><div class=\"aagb__accordion_icon\" style=\"color:#333333;background-color:transparent\"><span class=\"aagb__icon dashicons dashicons-plus-alt2\"><\/span><\/div><\/div><div class=\"aagb__accordion_body \" role=\"region\" style=\"background-color:transparent;border-top:1px solid #cccccc;padding:10px 15px 10px 15px\">\n<div class=\"wp-block-columns is-layout-flex wp-container-core-columns-is-layout-9d6595d7 wp-block-columns-is-layout-flex\">\n<div class=\"wp-block-column is-layout-flow wp-block-column-is-layout-flow\">\n<p><strong>Adres<\/strong>: \u015aniadeckich 3\/4, 60-773 Pozna\u0144<br><strong>Telefon<\/strong>: +48 61 865 8043, 865 8044<br><strong>Fax<\/strong>: +48 61\/ 865 8043, 865 8044<br><strong>E-mail<\/strong>: targi@inexpo.com.pl<br><strong>Strona www<\/strong>:&nbsp;<a href=\"http:\/\/inexpo.pl\/\" rel=\"nofollow noopener\" target=\"_blank\">http:\/\/inexpo.pl\/<\/a><\/p>\n<\/div>\n\n\n\n<div class=\"wp-block-column is-layout-flow wp-block-column-is-layout-flow\"><div class=\"wp-block-image\">\n<figure class=\"aligncenter size-full\"><img loading=\"lazy\" decoding=\"async\" width=\"135\" height=\"124\" src=\"https:\/\/polfair.pl\/new\/wp-content\/uploads\/2023\/10\/in-expo-logo.png\" alt=\"\" class=\"wp-image-2310\"\/><\/figure>\n<\/div><\/div>\n<\/div>\n\n\n\n<p>Pe\u0142en zakres us\u0142ug wystawienniczych w kraju i za granic\u0105: projekty i dokumentacje, uzgodnienia z organizatorami, zabudowa systemowa i niesystemowa, stoiska pi\u0119trowe i pawilony zewn\u0119trzne. Wykonanie instalacji i kompletne wyposa\u017canie stoisk w meble, o\u015bwietlenie, instalacj\u0119 elektryczn\u0105, sprz\u0119t audiowizualny i nag\u0142o\u015bnienie.W ofercie nowoczesny system kszta\u0142towania przestrzeni u\u017cytkowej Nova Form. Hostessy, catering, organizacja imprez towarzysz\u0105cych.<\/p>\n<\/div><\/div>\n\n\n\n<div class=\"wp-block-aab-accordion-item aagb__accordion_container\" style=\"border:1px solid #cccccc;margin-top:0px;margin-bottom:15px;border-radius:0px\"><div class=\"aagb__accordion_head aab_right_icon\" data-active=\"false\" style=\"color:#333333;background-color:transparent;padding:10px 15px 10px 15px\"><div class=\"aagb__accordion_heading aab_right_icon\"><h4 class=\"aagb__accordion_title\" style=\"margin:0;color:#333333\">LITTERA Iwona Pecko (Gda\u0144sk)<\/h4><\/div><div class=\"aagb__accordion_icon\" style=\"color:#333333;background-color:transparent\"><span class=\"aagb__icon dashicons dashicons-plus-alt2\"><\/span><\/div><\/div><div class=\"aagb__accordion_body \" role=\"region\" style=\"background-color:transparent;border-top:1px solid #cccccc;padding:10px 15px 10px 15px\">\n<div class=\"wp-block-columns is-layout-flex wp-container-core-columns-is-layout-9d6595d7 wp-block-columns-is-layout-flex\">\n<div class=\"wp-block-column is-layout-flow wp-block-column-is-layout-flow\">\n<p><strong>Adres<\/strong>: Warszawska 96\/41, 80-180 Gda\u0144sk<br><strong>Telefon<\/strong>: +48 58 307 5670, 307 5671<br><strong>Fax<\/strong>: +48 58 307 5671<br><strong>E-mail<\/strong>: littera.biuro@use.pl, littera@use.pl<br><strong>Strona www<\/strong>:\u00a0<a href=\"http:\/\/www.littera.com.pl\/\" rel=\"nofollow noopener\" target=\"_blank\">http:\/\/www.littera.com.pl\/<\/a><\/p>\n<\/div>\n\n\n\n<div class=\"wp-block-column is-layout-flow wp-block-column-is-layout-flow\"><div class=\"wp-block-image\">\n<figure class=\"aligncenter size-full\"><img loading=\"lazy\" decoding=\"async\" width=\"135\" height=\"124\" src=\"https:\/\/polfair.pl\/new\/wp-content\/uploads\/2023\/10\/littera-expo-logo.jpg\" alt=\"\" class=\"wp-image-2306\"\/><\/figure>\n<\/div><\/div>\n<\/div>\n\n\n\n<p>Podstawowym zakresem dzia\u0142alno\u015bci firmy Littera jest wystawiennictwo. Firma wsp\u00f3\u0142pracuje ze wszystkimi najwi\u0119kszymi centrami targowymi w Polsce. Posiada w\u0142asne architektoniczne biura projektowe, pracowni\u0119 graficzn\u0105 oraz realizacyjn\u0105, magazyn i \u015brodki transportu. Dysponuje oryginalnym systemem z profili aluminiowych firmy Octanorm oraz wszystkimi niezb\u0119dnymi elementami wyposa\u017cenia stoisk (profesjonalne o\u015bwietlenie, meble, sprz\u0119t gospodarczy).<\/p>\n<\/div><\/div>\n\n\n\n<div class=\"wp-block-aab-accordion-item aagb__accordion_container\" style=\"border:1px solid #cccccc;margin-top:0px;margin-bottom:15px;border-radius:0px\"><div class=\"aagb__accordion_head aab_right_icon\" data-active=\"false\" style=\"color:#333333;background-color:transparent;padding:10px 15px 10px 15px\"><div class=\"aagb__accordion_heading aab_right_icon\"><h4 class=\"aagb__accordion_title\" style=\"margin:0;color:#333333\">MAXPOL sp. z o.o. Przedsi\u0119biorstwo Produkcyjno &#8211; Handlowe (Warszawa)<\/h4><\/div><div class=\"aagb__accordion_icon\" style=\"color:#333333;background-color:transparent\"><span class=\"aagb__icon dashicons dashicons-plus-alt2\"><\/span><\/div><\/div><div class=\"aagb__accordion_body \" role=\"region\" style=\"background-color:transparent;border-top:1px solid #cccccc;padding:10px 15px 10px 15px\">\n<div class=\"wp-block-columns is-layout-flex wp-container-core-columns-is-layout-9d6595d7 wp-block-columns-is-layout-flex\">\n<div class=\"wp-block-column is-layout-flow wp-block-column-is-layout-flow\">\n<p><strong>Adres<\/strong>: Ul. Rolnicza 251, Dziekan\u00f3w Le\u015bny, 05-092 \u0141omianki<\/p>\n\n\n\n<p><strong>Telefon<\/strong>:&nbsp; +48 22 506 41 11, kom +48 882 073 659<\/p>\n\n\n\n<p><strong>Fax<\/strong>: +48 22 621 0373<\/p>\n\n\n\n<p><strong>E-mail<\/strong>:\u00a0maxpol@maxpol-targi.com.pl,\u00a0m.ryttel@maxpol-targi.com.pl<\/p>\n\n\n\n<p><strong>Strona www<\/strong>:&nbsp;<a href=\"http:\/\/www.maxpol-targi.com.pl\/\" rel=\"nofollow noopener\" target=\"_blank\">http:\/\/www.maxpol-targi.com.pl\/<\/a><\/p>\n<\/div>\n\n\n\n<div class=\"wp-block-column is-layout-flow wp-block-column-is-layout-flow\"><div class=\"wp-block-image\">\n<figure class=\"aligncenter size-full is-resized\"><img loading=\"lazy\" decoding=\"async\" width=\"400\" height=\"277\" src=\"https:\/\/polfair.pl\/new\/wp-content\/uploads\/2023\/09\/maxpol-logo.jpg\" alt=\"\" class=\"wp-image-2009\" style=\"width:250px\"\/><\/figure>\n<\/div><\/div>\n<\/div>\n\n\n\n<p>Firma PPH \u201eMaxpol\u201d Sp. z o.o. od 1990 roku zajmuje si\u0119 organizacj\u0105 mi\u0119dzynarodowych targ\u00f3w poza granicami kraju oraz w kraju w wybranych bran\u017cach. Jeste\u015bmy firm\u0105 z Rekomendacj\u0105 Polskiej Izby Przemys\u0142u Targowego. Posiadamy wiele certyfikat\u00f3w organizator\u00f3w targ\u00f3w na \u015bwiecie. Posiadamy r\u00f3wnie\u017c certyfikat ISO 9001. Wyst\u0105pienia polskich firm organizujemy kompleksowo w ponad 30 pa\u0144stwach Europy oraz w Azji, Afryce, Ameryce P\u00f3\u0142nocnej i Po\u0142udniowej. Wykonujemy indywidualne projekty stoisk dostosowane do potrzeb wystawcy, zapewniamy odpowiedni\u0105 powierzchni\u0119, zabudow\u0119 systemow\u0105 lub indywidualn\u0105, pe\u0142n\u0105 aran\u017cacj\u0119 i wyposa\u017cenie stoisk; przew\u00f3z eksponat\u00f3w na targi; organizacj\u0119 pobytu uczestnik\u00f3w targ\u00f3w \u2013 indywidualn\u0105 i grupow\u0105 (przelot samolotem, lokalny transport, hotel), reklam\u0119 w lokalnej prasie i TV, obs\u0142ug\u0119 stoisk przez hostessy oraz t\u0142umaczy, organizacj\u0119 spotka\u0144 biznesowych. Wy\u0142\u0105czny przedstawiciel w Polsce Mi\u0119dzynarodowych Targ\u00f3w Spo\u017cywczych IFE w Wielkiej Brytanii i IFEA w Republice Po\u0142udniowej Afryki.<\/p>\n<\/div><\/div>\n\n\n\n<div class=\"wp-block-aab-accordion-item aagb__accordion_container\" style=\"border:1px solid #cccccc;margin-top:0px;margin-bottom:15px;border-radius:0px\"><div class=\"aagb__accordion_head aab_right_icon\" data-active=\"false\" style=\"color:#333333;background-color:transparent;padding:10px 15px 10px 15px\"><div class=\"aagb__accordion_heading aab_right_icon\"><h4 class=\"aagb__accordion_title\" style=\"margin:0;color:#333333\">MELI\u0143SKI MINUTH sp. z o.o. (Pozna\u0144)<\/h4><\/div><div class=\"aagb__accordion_icon\" style=\"color:#333333;background-color:transparent\"><span class=\"aagb__icon dashicons dashicons-plus-alt2\"><\/span><\/div><\/div><div class=\"aagb__accordion_body \" role=\"region\" style=\"background-color:transparent;border-top:1px solid #cccccc;padding:10px 15px 10px 15px\">\n<div class=\"wp-block-columns is-layout-flex wp-container-core-columns-is-layout-9d6595d7 wp-block-columns-is-layout-flex\">\n<div class=\"wp-block-column is-layout-flow wp-block-column-is-layout-flow\">\n<p><strong>Adres<\/strong>: Obornicka 253 A,B, 60-693 Pozna\u0144<br><strong>Telefon<\/strong>: +48 61 842 9283<br><strong>Fax<\/strong>: +48 61 842 9252<br><strong>E-mail<\/strong>: biuro@melinski-minuth.com.pl<br><strong>Strona www<\/strong>:&nbsp;<a href=\"http:\/\/www.melinski-minuth.com.pl\/\" rel=\"nofollow noopener\" target=\"_blank\">http:\/\/www.melinski-minuth.com.pl\/<\/a><\/p>\n<\/div>\n\n\n\n<div class=\"wp-block-column is-layout-flow wp-block-column-is-layout-flow\"><div class=\"wp-block-image\">\n<figure class=\"aligncenter size-full is-resized\"><img loading=\"lazy\" decoding=\"async\" width=\"301\" height=\"270\" src=\"https:\/\/polfair.pl\/new\/wp-content\/uploads\/2023\/09\/melinski-minuth-logo.png\" alt=\"\" class=\"wp-image-2010\" style=\"width:150px\"\/><\/figure>\n<\/div><\/div>\n<\/div>\n\n\n\n<p>Projektowanie i zabudowa stoisk targowych, aran\u017cacja wn\u0119trz biurowych i wystawowych oraz profesjonalna obs\u0142uga konferencji. Specjalizujemy si\u0119 w projektach nietypowych<br>i indywidualnych. Jeste\u015bmy kreatywni, zaanga\u017cowani i nie boimy si\u0119 nowych wyzwa\u0144. S\u0142u\u017cymy pomoc\u0105 i fachowym doradztwem podczas ca\u0142ego procesu realizacji: od projektu, poprzez zabudow\u0119 do technicznej opieki w trakcie trwania imprezy targowej. Naszym klientom towarzyszymy podczas wyst\u0105pie\u0144 targowych w kraju i za granic\u0105, m.in. w Wielkiej Brytanii, Niemczech, W\u0142oszech, Francji, Hiszpanii, Rosji, na Bia\u0142orusi, w Holandii i Turcji. Nasze projekty opracowujemy wsp\u00f3lnie z klientem dbaj\u0105c o to, aby efekt ko\u0144cowy w jak najlepszym stopniu spe\u0142ni\u0142 cele targowe wystawcy i zapad\u0142 na d\u0142ugo w pami\u0119ci zwiedzaj\u0105cych. Nasz\u0105 jako\u015b\u0107 wykonawstwa potwierdza praca zgodnie z normami jako\u015bci ISO 9001: 2000 i znak \u201e Stoiska z rekomendacj\u0105 Polskiej Izby Przemys\u0142u Targowego\u201d. Jeste\u015bmy cz\u0142onkiem organizacji IFES- International Federation of Exhibition and Event Services.<\/p>\n<\/div><\/div>\n\n\n\n<div class=\"wp-block-aab-accordion-item aagb__accordion_container\" style=\"border:1px solid #cccccc;margin-top:0px;margin-bottom:15px;border-radius:0px\"><div class=\"aagb__accordion_head aab_right_icon\" data-active=\"false\" style=\"color:#333333;background-color:transparent;padding:10px 15px 10px 15px\"><div class=\"aagb__accordion_heading aab_right_icon\"><h4 class=\"aagb__accordion_title\" style=\"margin:0;color:#333333\">MESSE-PROJEKT s.c. P. Szczepaniak &amp; R. Molewski (Lubo\u0144 \/ k. Poznania)<\/h4><\/div><div class=\"aagb__accordion_icon\" style=\"color:#333333;background-color:transparent\"><span class=\"aagb__icon dashicons dashicons-plus-alt2\"><\/span><\/div><\/div><div class=\"aagb__accordion_body \" role=\"region\" style=\"background-color:transparent;border-top:1px solid #cccccc;padding:10px 15px 10px 15px\">\n<div class=\"wp-block-columns is-layout-flex wp-container-core-columns-is-layout-9d6595d7 wp-block-columns-is-layout-flex\">\n<div class=\"wp-block-column is-layout-flow wp-block-column-is-layout-flow\">\n<p><strong>Adres<\/strong>: Fryderyka Chopina 15A, 62-030 Lubo\u0144 k\/Poznania<br><strong>Telefon<\/strong>: +48 61\/ 8131 756<br><strong>Fax<\/strong>: +48 61\/ 8131 756<br><strong>E-mail<\/strong>: marketing@messeprojekt.pl<br><strong>Strona www<\/strong>:&nbsp;<a href=\"http:\/\/www.messeprojekt.pl\/\" rel=\"nofollow noopener\" target=\"_blank\">http:\/\/www.messeprojekt.pl\/<\/a><\/p>\n<\/div>\n\n\n\n<div class=\"wp-block-column is-layout-flow wp-block-column-is-layout-flow\"><div class=\"wp-block-image\">\n<figure class=\"aligncenter size-full\"><img loading=\"lazy\" decoding=\"async\" width=\"135\" height=\"124\" src=\"https:\/\/polfair.pl\/new\/wp-content\/uploads\/2023\/10\/messe-projekt-logo.jpg\" alt=\"\" class=\"wp-image-2305\"\/><\/figure>\n<\/div><\/div>\n<\/div>\n\n\n\n<p>Firma \u015bwiadczy kompleksowe us\u0142ugi w zakresie projektowania i budowy stoisk targowych na terenie Polski i ca\u0142ej Europy. Realizuje nowatorskie pomys\u0142y i oryginalne projekty dostosowane do indywidualnych potrzeb klient\u00f3w. Zapewnia sta\u0142\u0105, wysok\u0105 jako\u015b\u0107 wykonania z dba\u0142o\u015bci\u0105 o szczeg\u00f3\u0142y i szybki i sprawny serwis w trakcie trwania imprezy targowej. W ofercie firmy: oprawy plastyczne, grafika reklamowa, aran\u017cacje stoisk, druk wielkoformatowy, wyposa\u017canie stoisk w sprz\u0119t elektryczny, o\u015bwietleniowy i multimedialny, meble, sprz\u0119t AGD, kwiaty. Firma oferuje program partnerski skupiaj\u0105cy najlepsze, wyspecjalizowane firmy bran\u017cy oraz wykonawc\u00f3w w\u0142asnych.<\/p>\n<\/div><\/div>\n\n\n\n<div class=\"wp-block-aab-accordion-item aagb__accordion_container\" style=\"border:1px solid #cccccc;margin-top:0px;margin-bottom:15px;border-radius:0px\"><div class=\"aagb__accordion_head aab_right_icon\" data-active=\"false\" style=\"color:#333333;background-color:transparent;padding:10px 15px 10px 15px\"><div class=\"aagb__accordion_heading aab_right_icon\"><h4 class=\"aagb__accordion_title\" style=\"margin:0;color:#333333\">MGM STUDIO REKLAMY Rafa\u0142 Gromada (Katowice)<\/h4><\/div><div class=\"aagb__accordion_icon\" style=\"color:#333333;background-color:transparent\"><span class=\"aagb__icon dashicons dashicons-plus-alt2\"><\/span><\/div><\/div><div class=\"aagb__accordion_body \" role=\"region\" style=\"background-color:transparent;border-top:1px solid #cccccc;padding:10px 15px 10px 15px\">\n<div class=\"wp-block-columns is-layout-flex wp-container-core-columns-is-layout-9d6595d7 wp-block-columns-is-layout-flex\">\n<div class=\"wp-block-column is-layout-flow wp-block-column-is-layout-flow\">\n<p><strong>Adres<\/strong>:Ba\u0142tycka 78, 40-779, Katowice<\/p>\n\n\n\n<p><strong>Telefon<\/strong>: +48 32 252 94 44<\/p>\n\n\n\n<p><strong>E-mail<\/strong>: mgm@studiomgm.pl<\/p>\n\n\n\n<p><strong>Strona www<\/strong>:&nbsp;<a href=\"https:\/\/mgmexpo.com\/\" target=\"_blank\" rel=\"noreferrer noopener nofollow\">https:\/\/mgmexpo.com<\/a><\/p>\n<\/div>\n\n\n\n<div class=\"wp-block-column is-layout-flow wp-block-column-is-layout-flow\"><div class=\"wp-block-image\">\n<figure class=\"aligncenter size-full\"><img loading=\"lazy\" decoding=\"async\" width=\"150\" height=\"150\" src=\"https:\/\/polfair.pl\/new\/wp-content\/uploads\/2023\/10\/mgm-expo-logo.png\" alt=\"\" class=\"wp-image-2304\" srcset=\"https:\/\/polfair.pl\/new\/wp-content\/uploads\/2023\/10\/mgm-expo-logo.png 150w, https:\/\/polfair.pl\/new\/wp-content\/uploads\/2023\/10\/mgm-expo-logo-100x100.png 100w, https:\/\/polfair.pl\/new\/wp-content\/uploads\/2023\/10\/mgm-expo-logo-50x50.png 50w\" sizes=\"auto, (max-width: 150px) 100vw, 150px\" \/><\/figure>\n<\/div><\/div>\n<\/div>\n\n\n\n<p>Od ponad 25 lat specjalizujemy si\u0119 w projektowaniu i realizacji niestandardowej zabudowy stoisk wystawienniczych. Tworzymy stoiska na targi w kraju i za granic\u0105, odbywaj\u0105ce si\u0119 w najwi\u0119kszych i najbardziej presti\u017cowych halach wystawowych \u015bwiata. W tym czasie zrealizowali\u015bmy ponad 1000 projekt\u00f3w. Nasze us\u0142ugi obejmuj\u0105 wszystkie etapy realizacji stoisk \u2013 od projektu, poprzez produkcj\u0119 a\u017c po logistyk\u0119, monta\u017c i demonta\u017c.<\/p>\n\n\n\n<p>Regularnie budujemy stoiska w ca\u0142ej Europie, a pod\u0105\u017caj\u0105c za naszymi Klientami, systematycznie poszerzamy obszar naszej aktywno\u015bci o kolejne miejsca na \u015bwiecie, czego dowodem s\u0105 realizacje stoisk w takich krajach jak USA, Rosja, Chiny czy RPA.<\/p>\n\n\n\n<p>Wsp\u00f3\u0142pracujemy zar\u00f3wno z wielkimi przedsi\u0119biorstwami, jak i mniejszymi firmami, a tak\u017ce instytucjami i organizacjami. Dla wszystkich naszych Klient\u00f3w udzia\u0142 w targach jest wa\u017cn\u0105 cz\u0119\u015bci\u0105 dzia\u0142a\u0144 promocyjnych i marketingowych, dlatego obs\u0142ugujemy ich kompleksowo. Dzia\u0142ania w zakresie promocji wspieramy r\u00f3wnie\u017c poza sezonem wystawowym, oferuj\u0105c us\u0142ugi poligraficzne i reklamowe.<\/p>\n\n\n\n<p>Tworzymy unikalne projekty, skrojone na miar\u0119 zar\u00f3wno potrzeb, jak i mo\u017cliwo\u015bci naszych Klient\u00f3w. Do ka\u017cdego projektu podchodzimy indywidualnie, dzi\u0119ki czemu projektowane stoiska s\u0105 sp\u00f3jne z przyj\u0119t\u0105 przez nich identyfikacj\u0105 wizualn\u0105 i stanowi\u0105 wsparcie dla przyj\u0119tej strategii marketingowej i promocyjnej.<\/p>\n<\/div><\/div>\n\n\n\n<div class=\"wp-block-aab-accordion-item aagb__accordion_container\" style=\"border:1px solid #cccccc;margin-top:0px;margin-bottom:15px;border-radius:0px\"><div class=\"aagb__accordion_head aab_right_icon\" data-active=\"false\" style=\"color:#333333;background-color:transparent;padding:10px 15px 10px 15px\"><div class=\"aagb__accordion_heading aab_right_icon\"><h4 class=\"aagb__accordion_title\" style=\"margin:0;color:#333333\">MINCORP JERZY\u0143SCY SOBKOWSKA sp.j. (Pozna\u0144)<\/h4><\/div><div class=\"aagb__accordion_icon\" style=\"color:#333333;background-color:transparent\"><span class=\"aagb__icon dashicons dashicons-plus-alt2\"><\/span><\/div><\/div><div class=\"aagb__accordion_body \" role=\"region\" style=\"background-color:transparent;border-top:1px solid #cccccc;padding:10px 15px 10px 15px\">\n<div class=\"wp-block-columns is-layout-flex wp-container-core-columns-is-layout-9d6595d7 wp-block-columns-is-layout-flex\">\n<div class=\"wp-block-column is-layout-flow wp-block-column-is-layout-flow\">\n<p><strong>Adres<\/strong>:&nbsp;Czerwi\u0144skiego 16, 61-414 Pozna\u0144<\/p>\n\n\n\n<p><strong>Telefon<\/strong>:&nbsp;+48 519 113 045<\/p>\n\n\n\n<p><strong>E-mail:<\/strong>\u00a0biuro@minkoncept.pl<\/p>\n\n\n\n<p><strong>Strona www:<\/strong>&nbsp;<a href=\"http:\/\/minkoncept.pl\/\" rel=\"nofollow noopener\" target=\"_blank\">http:\/\/minkoncept.pl\/<\/a><\/p>\n<\/div>\n\n\n\n<div class=\"wp-block-column is-layout-flow wp-block-column-is-layout-flow\"><div class=\"wp-block-image\">\n<figure class=\"aligncenter size-full\"><img loading=\"lazy\" decoding=\"async\" width=\"120\" height=\"19\" src=\"https:\/\/polfair.pl\/new\/wp-content\/uploads\/2023\/10\/minconcept-logo.jpg\" alt=\"\" class=\"wp-image-2302\"\/><\/figure>\n<\/div><\/div>\n<\/div>\n\n\n\n<p>\u0141\u0105czymy kompetencje w zakresie marketingu targowego i nowoczesnego projektowania. Kilkunastoletnie do\u015bwiadczenie zdobyte podczas kierowania prac\u0105 nad du\u017cymi realizacjami wystawienniczymi dla wielu wiod\u0105cych marek pozwala na swobodne poruszanie si\u0119 w \u015bwiecie targ\u00f3w, zar\u00f3wno na rynku polskim, jak i mi\u0119dzynarodowym. Znajomo\u015b\u0107 bran\u017cy w po\u0142\u0105czeniu ze \u015bwie\u017cym, kreatywnym i odwa\u017cnym pomys\u0142em na kszta\u0142towanie przestrzeni zaowocowa\u0142y stworzeniem naszej firmy.<\/p>\n<\/div><\/div>\n\n\n\n<div class=\"wp-block-aab-accordion-item aagb__accordion_container\" style=\"border:1px solid #cccccc;margin-top:0px;margin-bottom:15px;border-radius:0px\"><div class=\"aagb__accordion_head aab_right_icon\" data-active=\"false\" style=\"color:#333333;background-color:transparent;padding:10px 15px 10px 15px\"><div class=\"aagb__accordion_heading aab_right_icon\"><h4 class=\"aagb__accordion_title\" style=\"margin:0;color:#333333\">MONTEXPO Pawe\u0142 Montewka (J\u00f3zefos\u0142aw \/ k. Warszawy)<\/h4><\/div><div class=\"aagb__accordion_icon\" style=\"color:#333333;background-color:transparent\"><span class=\"aagb__icon dashicons dashicons-plus-alt2\"><\/span><\/div><\/div><div class=\"aagb__accordion_body \" role=\"region\" style=\"background-color:transparent;border-top:1px solid #cccccc;padding:10px 15px 10px 15px\">\n<div class=\"wp-block-columns is-layout-flex wp-container-core-columns-is-layout-9d6595d7 wp-block-columns-is-layout-flex\">\n<div class=\"wp-block-column is-layout-flow wp-block-column-is-layout-flow\">\n<p><strong>Adres:<\/strong>&nbsp;Osiedlowa 53 K, 05-509 J\u00f3zefos\u0142aw k\/Warszawy<\/p>\n\n\n\n<p>E-mail:\u00a0pawel.montewka@gmail.com<\/p>\n<\/div>\n\n\n\n<div class=\"wp-block-column is-layout-flow wp-block-column-is-layout-flow\"><\/div>\n<\/div>\n\n\n\n<p>Firma zajmuje si\u0119 us\u0142ugami marketingowo \u2013 konsultingowymi w obszarze rynku targowego oraz projektowaniem i budow\u0105 stoisk targowych.<\/p>\n<\/div><\/div>\n\n\n\n<div class=\"wp-block-aab-accordion-item aagb__accordion_container\" style=\"border:1px solid #cccccc;margin-top:0px;margin-bottom:15px;border-radius:0px\"><div class=\"aagb__accordion_head aab_right_icon\" data-active=\"false\" style=\"color:#333333;background-color:transparent;padding:10px 15px 10px 15px\"><div class=\"aagb__accordion_heading aab_right_icon\"><h4 class=\"aagb__accordion_title\" style=\"margin:0;color:#333333\">MOSS POLAND Sp. z o.o. (Jasin \/ k. Poznania)<\/h4><\/div><div class=\"aagb__accordion_icon\" style=\"color:#333333;background-color:transparent\"><span class=\"aagb__icon dashicons dashicons-plus-alt2\"><\/span><\/div><\/div><div class=\"aagb__accordion_body \" role=\"region\" style=\"background-color:transparent;border-top:1px solid #cccccc;padding:10px 15px 10px 15px\">\n<div class=\"wp-block-columns is-layout-flex wp-container-core-columns-is-layout-9d6595d7 wp-block-columns-is-layout-flex\">\n<div class=\"wp-block-column is-layout-flow wp-block-column-is-layout-flow\">\n<p><strong>Adres<\/strong>:&nbsp;Pozna\u0144ska 38, 62-020 Jasin k\/ Poznania<\/p>\n\n\n\n<p>E-mail:\u00a0p.matczak@mossinc.com<\/p>\n<\/div>\n\n\n\n<div class=\"wp-block-column is-layout-flow wp-block-column-is-layout-flow\"><div class=\"wp-block-image\">\n<figure class=\"aligncenter size-full\"><img loading=\"lazy\" decoding=\"async\" width=\"150\" height=\"150\" src=\"https:\/\/polfair.pl\/new\/wp-content\/uploads\/2023\/10\/moss-logo.png\" alt=\"\" class=\"wp-image-2301\" srcset=\"https:\/\/polfair.pl\/new\/wp-content\/uploads\/2023\/10\/moss-logo.png 150w, https:\/\/polfair.pl\/new\/wp-content\/uploads\/2023\/10\/moss-logo-100x100.png 100w, https:\/\/polfair.pl\/new\/wp-content\/uploads\/2023\/10\/moss-logo-50x50.png 50w\" sizes=\"auto, (max-width: 150px) 100vw, 150px\" \/><\/figure>\n<\/div><\/div>\n<\/div>\n\n\n\n<p>Moss Poland Sp. z o.o. zajmuje si\u0119 przede wszystkim drukowaniem na tkaninach w technologii sublimacyjnej oraz UV wraz z obszyciem kederem, g\u0142\u00f3wnie na potrzeby budowania stoisk wystawienniczych. Sp\u00f3\u0142k\u0105 matk\u0105 jest Moss Inc z siedzib\u0105 w Chicago, prowadz\u0105ca dzia\u0142alno\u015b\u0107 od roku 1955, przez ca\u0142y czas doskonal\u0105c techniki wykorzystania tkanin. Za\u0142o\u017cyciel, Bill Moss, opatentowa\u0142 pierwszy na \u015bwiecie namiot typu pop-up. W Europie, g\u0142\u00f3wny zak\u0142ad produkcyjny Moss GmbH znajduje si\u0119 w Niemczech w miescie Lennestadt. Lokalizacja w pobli\u017cu Dusseldorfu i Kolonii jest idealna z punktu widzenia sektora wystawienniczego. Moss jest firm\u0105 w\u0119glowo neutraln\u0105, a w ramach sojuszu z Seaqual Initiative oferuje tkaniny produkowane z plastiku wy\u0142owionego z m\u00f3rz i ocean\u00f3w. W 2021 roku Moss zosta\u0142 wyr\u00f3\u017cniony srebrnym medalem Ecovadis, jest r\u00f3wnie\u017c laureatem Climate Partner oraz Green Print. Moss to ponad 350 pracownik\u00f3w i ponad 2,5 mln m2 wydruk\u00f3w bez solventu rocznie.<\/p>\n<\/div><\/div>\n\n\n\n<div class=\"wp-block-aab-accordion-item aagb__accordion_container\" style=\"border:1px solid #cccccc;margin-top:0px;margin-bottom:15px;border-radius:0px\"><div class=\"aagb__accordion_head aab_right_icon\" data-active=\"false\" style=\"color:#333333;background-color:transparent;padding:10px 15px 10px 15px\"><div class=\"aagb__accordion_heading aab_right_icon\"><h4 class=\"aagb__accordion_title\" style=\"margin:0;color:#333333\">NEBULA EXHIBITS POLAND sp. z o.o. (Suchy Las)<\/h4><\/div><div class=\"aagb__accordion_icon\" style=\"color:#333333;background-color:transparent\"><span class=\"aagb__icon dashicons dashicons-plus-alt2\"><\/span><\/div><\/div><div class=\"aagb__accordion_body \" role=\"region\" style=\"background-color:transparent;border-top:1px solid #cccccc;padding:10px 15px 10px 15px\">\n<div class=\"wp-block-columns is-layout-flex wp-container-core-columns-is-layout-9d6595d7 wp-block-columns-is-layout-flex\">\n<div class=\"wp-block-column is-layout-flow wp-block-column-is-layout-flow\">\n<p><strong>Adres<\/strong>:Obornicka 4, 62-002 Suchy Las k\/Poznania<\/p>\n\n\n\n<p><strong>Telefon<\/strong>: +48 61 843 80 31<\/p>\n\n\n\n<p><strong>E-mail<\/strong>: rlakomiak@nebulaexhibits.com<\/p>\n\n\n\n<p><strong>Strona www<\/strong>:&nbsp;<a href=\"https:\/\/www.nebulaexhibits.com\/\" target=\"_blank\" rel=\"noreferrer noopener nofollow\">https:\/\/www.nebulaexhibits.com\/<\/a><\/p>\n<\/div>\n\n\n\n<div class=\"wp-block-column is-layout-flow wp-block-column-is-layout-flow\"><div class=\"wp-block-image\">\n<figure class=\"aligncenter size-full\"><img loading=\"lazy\" decoding=\"async\" width=\"150\" height=\"126\" src=\"https:\/\/polfair.pl\/new\/wp-content\/uploads\/2023\/10\/nebula-logo.jpg\" alt=\"\" class=\"wp-image-2300\"\/><\/figure>\n<\/div><\/div>\n<\/div>\n\n\n\n<p>Firma w Polsce od 2012, w USA od 2002, na S\u0142owacji i w Kanadzie od 2007. Realizujemy projekty zabudowy stoisk targowych i eventowych.<\/p>\n\n\n\n<p>Jeste\u015bmy dobrymi s\u0142uchaczami, kreatywnymi my\u015blicielami i do\u015bwiadczonymi profesjonalistami. Wierzymy, \u017ce dobrze zaprojektowane stoisko jest pot\u0119\u017cnym narz\u0119dziem dla programu wystawienniczego naszych kontrahent\u00f3w. Budowanie silnej relacji mi\u0119dzy klientem, a nami jest podstaw\u0105 sukcesu.<\/p>\n\n\n\n<p>Nasz wieloj\u0119zyczny zesp\u00f3\u0142, rozproszonego mi\u0119dzy Europ\u0105 a Ameryk\u0105 P\u00f3\u0142nocn\u0105, pracowa\u0142 w ka\u017cdej wi\u0119kszej hali wystawienniczej w Europie i dziesi\u0105tkach innych na ca\u0142ym \u015bwiecie. Nasza wiedza kulturowa, wyj\u0105tkowa kreatywno\u015b\u0107 i zaanga\u017cowanie w obs\u0142ug\u0119 klienta sprawiaj\u0105, \u017ce Nebula jest najlepszym wyborem.<\/p>\n<\/div><\/div>\n\n\n\n<div class=\"wp-block-aab-accordion-item aagb__accordion_container\" style=\"border:1px solid #cccccc;margin-top:0px;margin-bottom:15px;border-radius:0px\"><div class=\"aagb__accordion_head aab_right_icon\" data-active=\"false\" style=\"color:#333333;background-color:transparent;padding:10px 15px 10px 15px\"><div class=\"aagb__accordion_heading aab_right_icon\"><h4 class=\"aagb__accordion_title\" style=\"margin:0;color:#333333\">PARTNER (Pozna\u0144)<\/h4><\/div><div class=\"aagb__accordion_icon\" style=\"color:#333333;background-color:transparent\"><span class=\"aagb__icon dashicons dashicons-plus-alt2\"><\/span><\/div><\/div><div class=\"aagb__accordion_body \" role=\"region\" style=\"background-color:transparent;border-top:1px solid #cccccc;padding:10px 15px 10px 15px\">\n<div class=\"wp-block-columns is-layout-flex wp-container-core-columns-is-layout-9d6595d7 wp-block-columns-is-layout-flex\">\n<div class=\"wp-block-column is-layout-flow wp-block-column-is-layout-flow\">\n<p><strong>Adres<\/strong>: Bobrownicka 1C, 61-306 Pozna\u0144<br><strong>Telefon<\/strong>: +48 61 870 5123, 872 6011, 872 6264<br><strong>Fax<\/strong>: +48 61 870 5123, 872 6011, 870 5123<br><strong>E-mail<\/strong>: partner@partner.targi.pl<br><strong>Strona www<\/strong>:&nbsp;<a href=\"http:\/\/www.partner.targi.pl\/\" rel=\"nofollow noopener\" target=\"_blank\">http:\/\/www.partner.targi.pl\/<\/a><\/p>\n<\/div>\n\n\n\n<div class=\"wp-block-column is-layout-flow wp-block-column-is-layout-flow\"><div class=\"wp-block-image\">\n<figure class=\"aligncenter size-full is-resized\"><img loading=\"lazy\" decoding=\"async\" width=\"854\" height=\"398\" src=\"https:\/\/polfair.pl\/new\/wp-content\/uploads\/2023\/09\/partner-logo.png\" alt=\"\" class=\"wp-image-1848\" style=\"width:200px\" srcset=\"https:\/\/polfair.pl\/new\/wp-content\/uploads\/2023\/09\/partner-logo.png 854w, https:\/\/polfair.pl\/new\/wp-content\/uploads\/2023\/09\/partner-logo-600x280.png 600w, https:\/\/polfair.pl\/new\/wp-content\/uploads\/2023\/09\/partner-logo-768x358.png 768w\" sizes=\"auto, (max-width: 854px) 100vw, 854px\" \/><\/figure>\n<\/div><\/div>\n<\/div>\n\n\n\n<p>Kompleksowa zabudowa stoisk targowych na najwi\u0119kszych targach w kraju i za granic\u0105. W ofercie firmy: projektowanie i zabudowa stoisk konwencjonalnych i indywidualnych, wraz z wyposa\u017ceniem w meble, sprz\u0119t radiowo- telewizyjny, urz\u0105dzenia gospodarstwa domowego, sprz\u0119t komputerowy i multimedialny. Prace graficzne i plastyczne. Certyfikat ISO 9001:2000 jest gwarancj\u0105 wysokiej jako\u015bci us\u0142ug \u015bwiadczonych przez firm\u0119 dla wystawc\u00f3w.<\/p>\n<\/div><\/div>\n\n\n\n<div class=\"wp-block-aab-accordion-item aagb__accordion_container\" style=\"border:1px solid #cccccc;margin-top:0px;margin-bottom:15px;border-radius:0px\"><div class=\"aagb__accordion_head aab_right_icon\" data-active=\"false\" style=\"color:#333333;background-color:transparent;padding:10px 15px 10px 15px\"><div class=\"aagb__accordion_heading aab_right_icon\"><h4 class=\"aagb__accordion_title\" style=\"margin:0;color:#333333\">PDMG  EXPO (Suchy Las \/ k. Poznania)<\/h4><\/div><div class=\"aagb__accordion_icon\" style=\"color:#333333;background-color:transparent\"><span class=\"aagb__icon dashicons dashicons-plus-alt2\"><\/span><\/div><\/div><div class=\"aagb__accordion_body \" role=\"region\" style=\"background-color:transparent;border-top:1px solid #cccccc;padding:10px 15px 10px 15px\">\n<div class=\"wp-block-columns is-layout-flex wp-container-core-columns-is-layout-9d6595d7 wp-block-columns-is-layout-flex\">\n<div class=\"wp-block-column is-layout-flow wp-block-column-is-layout-flow\">\n<p><span class=\"vc_gitem-acf-label\" style=\"color: rgb(119, 119, 119); font-family: &quot;Open Sans&quot;, Helvetica, Arial, sans-serif; font-size: 15px; white-space-collapse: collapse; background-color: transparent; margin-bottom: 0px;\"><strong>Adres<\/strong>:<\/span><span style=\"color: rgb(119, 119, 119); font-family: &quot;Open Sans&quot;, Helvetica, Arial, sans-serif; font-size: 15px; white-space-collapse: collapse; background-color: transparent;\">\u00a0Powsta\u0144c\u00f3w Wlkp. 110, 62-002 Suchy Las k\/Poznania<\/span><\/p>\n\n\n\n<p><strong style=\"margin-bottom: 0px;\">Telefon:<\/strong>\u00a0+48 537 600 131<\/p>\n\n\n\n<p><span class=\"vc_gitem-acf-label\"><strong style=\"margin-bottom: 0px;\">E-mail<\/strong>:<\/span>\u00a0kontakt@pdmg.pl<\/p>\n\n\n\n<p><span class=\"vc_gitem-acf-label\"><strong style=\"margin-bottom: 0px;\">Strona www<\/strong>:<\/span>\u00a0<a style=\"color: rgb(237, 74, 67); text-decoration-line: none; background-color: transparent; touch-action: manipulation; outline-style: none; outline-width: initial; margin-bottom: 0px;\" href=\"https:\/\/pdmg.pl\/\" rel=\"nofollow noopener\" target=\"_blank\">https:\/\/pdmg.pl\/<\/a><\/p>\n<\/div>\n\n\n\n<div class=\"wp-block-column is-layout-flow wp-block-column-is-layout-flow\"><div class=\"wp-block-image\">\n<figure class=\"aligncenter size-full\"><img loading=\"lazy\" decoding=\"async\" width=\"150\" height=\"63\" src=\"https:\/\/polfair.pl\/new\/wp-content\/uploads\/2023\/10\/pdmg-logo.jpg\" alt=\"\" class=\"wp-image-2298\"\/><\/figure>\n<\/div><\/div>\n<\/div>\n\n\n\n<p>PDMG EXPO jest firm\u0105 dzia\u0142aj\u0105c\u0105 na rynku od 2007 roku. Nasza siedziba mie\u015bci si\u0119 w Suchym Lesie k. Poznania.<\/p>\n\n\n\n<p>Naszym g\u0142\u00f3wnym zadaniem jest dostarczanie kompleksowej obs\u0142ugi stoisk targowych \u2013 poczynaj\u0105c od zaprojektowania stoiska, przez jego monta\u017c przed targami, obs\u0142ug\u0119 podczas imprezy targowej, a\u017c po demonta\u017c stoiska po zako\u0144czonym wydarzeniu. Budujemy stoiska w ca\u0142ej Europie wsp\u00f3\u0142pracuj\u0105c z Klientami z ca\u0142ego \u015bwiata. W naszym portfolio znajduj\u0105 si\u0119 realizacje ka\u017cdej wielko\u015bci \u2013 od prostych, ma\u0142ych stoisk po kompleksowe zabudowy pi\u0119trowe o \u0142\u0105cznej powierzchni przekraczaj\u0105cej 800m2. Posiadamy wieloletnie do\u015bwiadczenie, setki zrealizowanych projekt\u00f3w, szerokie portfolio zadowolonych Klient\u00f3w (poparte stosownymi listami rekomendacyjnymi).<\/p>\n\n\n\n<p>W ka\u017cdym przypadku podchodzimy do danego zlecenia indywidualnie, aby osi\u0105gn\u0105\u0107 nasz g\u0142\u00f3wny cel, przy\u015bwiecaj\u0105cy nam od samego pocz\u0105tku istnienia firmy \u2013 zadowolenie Klienta wynikaj\u0105ce z efektywnej i satysfakcjonuj\u0105cej wsp\u00f3\u0142pracy.<\/p>\n<\/div><\/div>\n\n\n\n<div class=\"wp-block-aab-accordion-item aagb__accordion_container\" style=\"border:1px solid #cccccc;margin-top:0px;margin-bottom:15px;border-radius:0px\"><div class=\"aagb__accordion_head aab_right_icon\" data-active=\"false\" style=\"color:#333333;background-color:transparent;padding:10px 15px 10px 15px\"><div class=\"aagb__accordion_heading aab_right_icon\"><h4 class=\"aagb__accordion_title\" style=\"margin:0;color:#333333\">PERFO sp. z o.o. TEXCONCEPT Sp. K. (Pozna\u0144)<\/h4><\/div><div class=\"aagb__accordion_icon\" style=\"color:#333333;background-color:transparent\"><span class=\"aagb__icon dashicons dashicons-plus-alt2\"><\/span><\/div><\/div><div class=\"aagb__accordion_body \" role=\"region\" style=\"background-color:transparent;border-top:1px solid #cccccc;padding:10px 15px 10px 15px\">\n<div class=\"wp-block-columns is-layout-flex wp-container-core-columns-is-layout-9d6595d7 wp-block-columns-is-layout-flex\">\n<div class=\"wp-block-column is-layout-flow wp-block-column-is-layout-flow\">\n<p><strong style=\"color: rgb(119, 119, 119); font-family: &quot;Open Sans&quot;, Helvetica, Arial, sans-serif; font-size: 15px; white-space-collapse: collapse; background-color: transparent;\">Adres<\/strong><span style=\"color: rgb(119, 119, 119); font-family: &quot;Open Sans&quot;, Helvetica, Arial, sans-serif; font-size: 15px; white-space-collapse: collapse; background-color: transparent;\">:<\/span><span style=\"color: rgb(119, 119, 119); font-family: &quot;Open Sans&quot;, Helvetica, Arial, sans-serif; font-size: 15px; white-space-collapse: collapse; background-color: transparent;\">\u00a0<\/span><span class=\"LrzXr\" style=\"color: rgb(119, 119, 119); font-family: &quot;Open Sans&quot;, Helvetica, Arial, sans-serif; font-size: 15px; white-space-collapse: collapse; background-color: transparent; margin-bottom: 0px;\">Tarnowska 10d, 61-323 Pozna\u0144<\/span><p style=\"margin-bottom: 0.9375rem; color: rgb(119, 119, 119); font-family: &quot;Open Sans&quot;, Helvetica, Arial, sans-serif; font-size: 15px; white-space-collapse: collapse;\"><strong style=\"margin-bottom: 0px;\">Telefon<\/strong>: +48 61 646 95 50<\/p><p style=\"margin-bottom: 0.9375rem; color: rgb(119, 119, 119); font-family: &quot;Open Sans&quot;, Helvetica, Arial, sans-serif; font-size: 15px; white-space-collapse: collapse;\"><strong style=\"margin-bottom: 0px;\">Fax<\/strong>: +48 61 646 95 51<\/p><p style=\"margin-bottom: 0px; color: rgb(119, 119, 119); font-family: &quot;Open Sans&quot;, Helvetica, Arial, sans-serif; font-size: 15px; white-space-collapse: collapse;\"><strong>Strona www<\/strong>:\u00a0<a style=\"color: rgb(237, 74, 67); text-decoration-line: none; background-color: transparent; touch-action: manipulation; outline-style: none; outline-width: initial; margin-bottom: 0px;\" href=\"https:\/\/www.texconcept.pl\/\" target=\"_blank\" rel=\"noopener noreferrer nofollow\">https:\/\/www.texconcept.pl\/<\/a><\/p><\/p>\n<\/div>\n\n\n\n<div class=\"wp-block-column is-layout-flow wp-block-column-is-layout-flow\"><div class=\"wp-block-image\">\n<figure class=\"aligncenter size-full is-resized\"><img loading=\"lazy\" decoding=\"async\" width=\"480\" height=\"102\" src=\"https:\/\/polfair.pl\/new\/wp-content\/uploads\/2023\/09\/Logo_Perfo.jpg\" alt=\"\" class=\"wp-image-2013\" style=\"width:250px\"\/><\/figure>\n<\/div><\/div>\n<\/div>\n\n\n\n<p>Szeroki wachlarz rozwi\u0105za\u0144 pod\u0142ogowych, \u015bciennych i sufitowych dla wystawiennictwa, ekspozycji, event\u00f3w i scenografii. Magnetyczna ekspozycja, nietuzinkowe stoisko targowe, wytworna lub nowoczesna scenografia przyci\u0105gaj\u0105 najlepszych go\u015bci, widz\u00f3w, klient\u00f3w \u2026 Dobrze dobrane materia\u0142y doskonale organizuj\u0105 te\u017c przestrze\u0144 stoiska czy ekspozycji. Projektanci tworz\u0105cy projekty stoisk czy sceny event\u00f3w opieraj\u0105 si\u0119 na zaufaniu do nas, jak i do produkt\u00f3w, kt\u00f3re stosuj\u0105. Naszym zadaniem jest pomoc w doborze najlepszych rozwi\u0105za\u0144, zar\u00f3wno pod wzgl\u0119dem estetycznym, wizualnym, jak i technicznym, i funkcjonalnym. My wiemy, \u017ce Klient, kt\u00f3ry chce zaprezentowa\u0107 si\u0119 na targach jest wymagaj\u0105cy. Barwa, tekstura, dotyk materia\u0142u \u2013 atuty wyk\u0142adziny, panela czy tkaniny, najlepiej zaprezentujesz pokazuj\u0105c Klientowi pr\u00f3bnik, dlatego dostarczymy interesuj\u0105ce Ci\u0119 wzory czy kolekcje naszych materia\u0142\u00f3w wystawienniczych. Zapewniamy atesty, certyfikaty, pomagaj\u0105ce potwierdzi\u0107, \u017ce Tw\u00f3j projekt spe\u0142nia wszelkie wymagane kryteria formalne, potwierdzaj\u0105ce parametry techniczne i bezpiecze\u0144stwa.<\/p>\n<\/div><\/div>\n\n\n\n<div class=\"wp-block-aab-accordion-item aagb__accordion_container\" style=\"border:1px solid #cccccc;margin-top:0px;margin-bottom:15px;border-radius:0px\"><div class=\"aagb__accordion_head aab_right_icon\" data-active=\"false\" style=\"color:#333333;background-color:transparent;padding:10px 15px 10px 15px\"><div class=\"aagb__accordion_heading aab_right_icon\"><h4 class=\"aagb__accordion_title\" style=\"margin:0;color:#333333\">PLUSEXPO Mariusz Pluskota (Mosina \/ k. Poznania)<\/h4><\/div><div class=\"aagb__accordion_icon\" style=\"color:#333333;background-color:transparent\"><span class=\"aagb__icon dashicons dashicons-plus-alt2\"><\/span><\/div><\/div><div class=\"aagb__accordion_body \" role=\"region\" style=\"background-color:transparent;border-top:1px solid #cccccc;padding:10px 15px 10px 15px\">\n<div class=\"wp-block-columns is-layout-flex wp-container-core-columns-is-layout-9d6595d7 wp-block-columns-is-layout-flex\">\n<div class=\"wp-block-column is-layout-flow wp-block-column-is-layout-flow\">\n<p><strong>Adres<\/strong>:Leszczy\u0144ska 40, 62-050 Mosina k\/Poznania<\/p>\n\n\n\n<p><strong>Strona www<\/strong>:&nbsp;<a href=\"http:\/\/plusexpo.pl\/\" target=\"_blank\" rel=\"noreferrer noopener nofollow\">http:\/\/plusexpo.pl\/<\/a><\/p>\n<\/div>\n\n\n\n<div class=\"wp-block-column is-layout-flow wp-block-column-is-layout-flow\"><div class=\"wp-block-image\">\n<figure class=\"aligncenter size-full\"><img loading=\"lazy\" decoding=\"async\" width=\"150\" height=\"35\" src=\"https:\/\/polfair.pl\/new\/wp-content\/uploads\/2023\/10\/plusexpo-logo.jpg\" alt=\"\" class=\"wp-image-2295\"\/><\/figure>\n<\/div><\/div>\n<\/div>\n\n\n\n<p>Zesp\u00f3\u0142 Plusexpo od prawie 10 lat tworz\u0105 ludzie zaanga\u017cowani i wyspecjalizowani w realizacji r\u00f3\u017cnych typ\u00f3w stoisk targowych.<\/p>\n\n\n\n<p>Naszym nadrz\u0119dnym celem jest najwy\u017csza jako\u015b\u0107 i zadowolenie Klienta. Oferowane przez nas us\u0142ugi wystawiennicze to:<\/p>\n\n\n\n<ul class=\"wp-block-list\">\n<li>kompleksowe przygotowanie stoisk targowych \u201cpod klucz\u201d<\/li>\n\n\n\n<li>profesjonalna pracownia projektowa<\/li>\n\n\n\n<li>nowoczesny zak\u0142ad produkcyjny<\/li>\n\n\n\n<li>do\u015bwiadczeni fachowcy i stolarze<\/li>\n\n\n\n<li>innowacyjne zarz\u0105dzanie projektem<\/li>\n\n\n\n<li>szeroko poj\u0119ta grafika i komunikacja wizualna<\/li>\n\n\n\n<li>zaawansowane rozwi\u0105zania w zakresie AV i nag\u0142o\u015bnienia<\/li>\n\n\n\n<li>bogata oferta mebli i dekoracji stoisk<\/li>\n<\/ul>\n<\/div><\/div>\n\n\n\n<div class=\"wp-block-aab-accordion-item aagb__accordion_container\" style=\"border:1px solid #cccccc;margin-top:0px;margin-bottom:15px;border-radius:0px\"><div class=\"aagb__accordion_head aab_right_icon\" data-active=\"false\" style=\"color:#333333;background-color:transparent;padding:10px 15px 10px 15px\"><div class=\"aagb__accordion_heading aab_right_icon\"><h4 class=\"aagb__accordion_title\" style=\"margin:0;color:#333333\">PRACOWNIA SZTUK PLASTYCZNYCH sp. z o.o. (Warszawa)<\/h4><\/div><div class=\"aagb__accordion_icon\" style=\"color:#333333;background-color:transparent\"><span class=\"aagb__icon dashicons dashicons-plus-alt2\"><\/span><\/div><\/div><div class=\"aagb__accordion_body \" role=\"region\" style=\"background-color:transparent;border-top:1px solid #cccccc;padding:10px 15px 10px 15px\">\n<div class=\"wp-block-columns is-layout-flex wp-container-core-columns-is-layout-9d6595d7 wp-block-columns-is-layout-flex\">\n<div class=\"wp-block-column is-layout-flow wp-block-column-is-layout-flow\">\n<p><strong>Adres<\/strong>: Rzymska 13\/19 m.2, 03-976 Warszawa<br><strong>Telefon<\/strong>: +48 22 617 4191<br><strong>Fax<\/strong>: +48 22 617 4191 w.102<br><strong>E-mail<\/strong>: psp@psp.com.pl<br><strong>Strona www<\/strong>:&nbsp;<a href=\"http:\/\/www.psp.com.pl\/\" rel=\"nofollow noopener\" target=\"_blank\">http:\/\/www.psp.com.pl\/<\/a><\/p>\n<\/div>\n\n\n\n<div class=\"wp-block-column is-layout-flow wp-block-column-is-layout-flow\"><div class=\"wp-block-image\">\n<figure class=\"aligncenter size-full\"><img loading=\"lazy\" decoding=\"async\" width=\"135\" height=\"124\" src=\"https:\/\/polfair.pl\/new\/wp-content\/uploads\/2023\/10\/psp-logo.jpg\" alt=\"\" class=\"wp-image-2293\"\/><\/figure>\n<\/div><\/div>\n<\/div>\n\n\n\n<p>Ponad 55-letnie do\u015bwiadczenie na polskim rynku us\u0142ug plastycznych. Organizacja, promocja i oprawa plastyczna targ\u00f3w i wystaw w Polsce i za granic\u0105, kongres\u00f3w, konferencji, seminari\u00f3w, bankiet\u00f3w i innych imprez towarzysz\u0105cych targom. Projektowanie i wykonawstwo standardowej i indywidualnej zabudowy stoisk wystawienniczych. Ma\u0142e formy rze\u017abiarskie, medale okoliczno\u015bciowe i materia\u0142y reklamowe na potrzeby targ\u00f3w. Us\u0142ugi graficzne w zakresie grafiki u\u017cytkowej.<\/p>\n<\/div><\/div>\n\n\n\n<div class=\"wp-block-aab-accordion-item aagb__accordion_container\" style=\"border:1px solid #cccccc;margin-top:0px;margin-bottom:15px;border-radius:0px\"><div class=\"aagb__accordion_head aab_right_icon\" data-active=\"false\" style=\"color:#333333;background-color:transparent;padding:10px 15px 10px 15px\"><div class=\"aagb__accordion_heading aab_right_icon\"><h4 class=\"aagb__accordion_title\" style=\"margin:0;color:#333333\">PROBUDEX Przedsi\u0119biorstwo Produkcyjno &#8211; Handlowo &#8211; Us\u0142ugowe sp. z o.o. (Krak\u00f3w)<\/h4><\/div><div class=\"aagb__accordion_icon\" style=\"color:#333333;background-color:transparent\"><span class=\"aagb__icon dashicons dashicons-plus-alt2\"><\/span><\/div><\/div><div class=\"aagb__accordion_body \" role=\"region\" style=\"background-color:transparent;border-top:1px solid #cccccc;padding:10px 15px 10px 15px\">\n<div class=\"wp-block-columns is-layout-flex wp-container-core-columns-is-layout-9d6595d7 wp-block-columns-is-layout-flex\">\n<div class=\"wp-block-column is-layout-flow wp-block-column-is-layout-flow\">\n<p><strong>Adres<\/strong>: Mazowiecka 68A\/67, 30-019 Krak\u00f3w<br><strong>Telefon<\/strong>: +48 12 415 69 35<br><strong>Fax<\/strong>: +48 12 415 68 53<br><strong>E-mail<\/strong>: biuro@probudex.com.pl, biuro@probudex.pl<br><strong>Strona www<\/strong>:&nbsp;<a href=\"http:\/\/www.probudex.pl\/\" rel=\"nofollow noopener\" target=\"_blank\">http:\/\/www.probudex.pl\/<\/a><\/p>\n<\/div>\n\n\n\n<div class=\"wp-block-column is-layout-flow wp-block-column-is-layout-flow\"><div class=\"wp-block-image\">\n<figure class=\"aligncenter size-full\"><img loading=\"lazy\" decoding=\"async\" width=\"135\" height=\"124\" src=\"https:\/\/polfair.pl\/new\/wp-content\/uploads\/2023\/10\/probudex-logo.jpg\" alt=\"\" class=\"wp-image-2292\"\/><\/figure>\n<\/div><\/div>\n<\/div>\n\n\n\n<p>Projektowanie wraz z wizualizacj\u0105 oraz budowa stoisk targowych na bazie system\u00f3w (Octanorm, Maxima, Maxima Light) oraz pozasystemowych-autorskich, z wykorzystaniem najnowszych technologii wystawienniczych. Organizacja kongres\u00f3w, seminari\u00f3w, wystaw i imprez plenerowych. Budowa stoisk pi\u0119trowych w systemie Doppelform oraz innych. Zastosowanie najnowszych technik o\u015bwietlenia oraz cyfrowych technik przekazu. Nowa linia stoisk Future Design stworzona dzi\u0119ki \u015brodkom z Unii Europejskiej. Pe\u0142na obs\u0142uga we wszystkich centrach targowych w kraju oraz za granic\u0105. Obs\u0142ugiwane przez firm\u0119 centra europejskie to g\u0142\u00f3wnie: Mediolan, Werona, Genewa, Duesseldorf, Norymberga oraz Kolonia.<\/p>\n<\/div><\/div>\n\n\n\n<div class=\"wp-block-aab-accordion-item aagb__accordion_container\" style=\"border:1px solid #cccccc;margin-top:0px;margin-bottom:15px;border-radius:0px\"><div class=\"aagb__accordion_head aab_right_icon\" data-active=\"false\" style=\"color:#333333;background-color:transparent;padding:10px 15px 10px 15px\"><div class=\"aagb__accordion_heading aab_right_icon\"><h4 class=\"aagb__accordion_title\" style=\"margin:0;color:#333333\">PROMEX PUP sp. z o.o. (Warszawa)<\/h4><\/div><div class=\"aagb__accordion_icon\" style=\"color:#333333;background-color:transparent\"><span class=\"aagb__icon dashicons dashicons-plus-alt2\"><\/span><\/div><\/div><div class=\"aagb__accordion_body \" role=\"region\" style=\"background-color:transparent;border-top:1px solid #cccccc;padding:10px 15px 10px 15px\">\n<div class=\"wp-block-columns is-layout-flex wp-container-core-columns-is-layout-9d6595d7 wp-block-columns-is-layout-flex\">\n<div class=\"wp-block-column is-layout-flow wp-block-column-is-layout-flow\">\n<p><strong>Adres<\/strong>:Nowy \u015awiat 33\/13, 00-029 Warszawa<\/p>\n\n\n\n<p><strong>Telefon:&nbsp;<\/strong>+48 668 338 400<\/p>\n\n\n\n<p><strong>E-mail<\/strong>: zbyszek@promex.eu<\/p>\n\n\n\n<p><strong>Strona www<\/strong>:&nbsp;<a href=\"http:\/\/promex.eu\/\" target=\"_blank\" rel=\"noreferrer noopener nofollow\">http:\/\/promex.eu\/<\/a><\/p>\n<\/div>\n\n\n\n<div class=\"wp-block-column is-layout-flow wp-block-column-is-layout-flow\"><div class=\"wp-block-image\">\n<figure class=\"aligncenter size-full\"><img loading=\"lazy\" decoding=\"async\" width=\"150\" height=\"36\" src=\"https:\/\/polfair.pl\/new\/wp-content\/uploads\/2023\/10\/promex-logo.jpg\" alt=\"\" class=\"wp-image-2291\"\/><\/figure>\n<\/div><\/div>\n<\/div>\n\n\n\n<p>Projektujemy i budujemy stoiska targowe w ca\u0142ej Europie od 1969 roku. Nasze ponad 50-letnie do\u015bwiadczenie pozwala realizowa\u0107 najbardziej skomplikowane projekty. Dzia\u0142alno\u015b\u0107 rozpoczynali\u015bmy od budowy stoisk wystawienniczych, id\u0105c z duchem czasu rozszerzyli\u015bmy nasz\u0105 dzia\u0142alno\u015b\u0107 o budow\u0119 scenografii telewizyjnych i eventowych. Posiadamy w\u0142asn\u0105 baz\u0119 produkcyjn\u0105 ze stolarni\u0105 i lakierni\u0105 w Jab\u0142onnie ko\u0142o Warszawy.<\/p>\n<\/div><\/div>\n\n\n\n<div class=\"wp-block-aab-accordion-item aagb__accordion_container\" style=\"border:1px solid #cccccc;margin-top:0px;margin-bottom:15px;border-radius:0px\"><div class=\"aagb__accordion_head aab_right_icon\" data-active=\"false\" style=\"color:#333333;background-color:transparent;padding:10px 15px 10px 15px\"><div class=\"aagb__accordion_heading aab_right_icon\"><h4 class=\"aagb__accordion_title\" style=\"margin:0;color:#333333\">PROMOCJA s.c. W. Gola B. Gola &#8211; Przedsi\u0119biorstwo Organizacji Wystaw i Obs\u0142ugi Targ\u00f3w (Pozna\u0144)<\/h4><\/div><div class=\"aagb__accordion_icon\" style=\"color:#333333;background-color:transparent\"><span class=\"aagb__icon dashicons dashicons-plus-alt2\"><\/span><\/div><\/div><div class=\"aagb__accordion_body \" role=\"region\" style=\"background-color:transparent;border-top:1px solid #cccccc;padding:10px 15px 10px 15px\">\n<div class=\"wp-block-columns is-layout-flex wp-container-core-columns-is-layout-9d6595d7 wp-block-columns-is-layout-flex\">\n<div class=\"wp-block-column is-layout-flow wp-block-column-is-layout-flow\">\n<p><strong>Adres<\/strong>: Tatarakowa 4, 61-680 Pozna\u0144<br><strong>Telefon<\/strong>: +48 61 866 5058, 866 6384, 865 4777<br><strong>Fax<\/strong>: +48 61 865 8047, 865 6120<br><strong>E-mail<\/strong>: info@promocja-w-gola.com.pl<br><strong>Strona www<\/strong>:&nbsp;<a href=\"http:\/\/www.promocja-w-gola.com.pl\/\" rel=\"nofollow noopener\" target=\"_blank\">http:\/\/www.promocja-w-gola.com.pl<\/a><\/p>\n<\/div>\n\n\n\n<div class=\"wp-block-column is-layout-flow wp-block-column-is-layout-flow\"><div class=\"wp-block-image\">\n<figure class=\"aligncenter size-full\"><img loading=\"lazy\" decoding=\"async\" width=\"135\" height=\"124\" src=\"https:\/\/polfair.pl\/new\/wp-content\/uploads\/2023\/10\/promocja-logo.jpg\" alt=\"\" class=\"wp-image-2290\"\/><\/figure>\n<\/div><\/div>\n<\/div>\n\n\n\n<p>Zabudowa stoisk w systemie oktagonalnym wed\u0142ug indywidualnych projekt\u00f3w z dowolnych materia\u0142\u00f3w. Stoiska pi\u0119trowe i pawilony zewn\u0119trzne. Realizacje na terenie Polski i Europy. Akcje promocyjne dla wystawc\u00f3w podczas trwania imprezy targowej. Rezerwacja nocleg\u00f3w, zatrudnianie hostess i t\u0142umaczy, catering. Projektowanie i produkcja materia\u0142\u00f3w reklamowych.<\/p>\n<\/div><\/div>\n\n\n\n<div class=\"wp-block-aab-accordion-item aagb__accordion_container\" style=\"border:1px solid #cccccc;margin-top:0px;margin-bottom:15px;border-radius:0px\"><div class=\"aagb__accordion_head aab_right_icon\" data-active=\"false\" style=\"color:#333333;background-color:transparent;padding:10px 15px 10px 15px\"><div class=\"aagb__accordion_heading aab_right_icon\"><h4 class=\"aagb__accordion_title\" style=\"margin:0;color:#333333\">REKORD Hale Namiotowe sp. z o.o. (Wroc\u0142aw)<\/h4><\/div><div class=\"aagb__accordion_icon\" style=\"color:#333333;background-color:transparent\"><span class=\"aagb__icon dashicons dashicons-plus-alt2\"><\/span><\/div><\/div><div class=\"aagb__accordion_body \" role=\"region\" style=\"background-color:transparent;border-top:1px solid #cccccc;padding:10px 15px 10px 15px\">\n<div class=\"wp-block-columns is-layout-flex wp-container-core-columns-is-layout-9d6595d7 wp-block-columns-is-layout-flex\">\n<div class=\"wp-block-column is-layout-flow wp-block-column-is-layout-flow\">\n<p><strong>Adres<\/strong>: Mazowiecka 17, 50-412 Wroc\u0142aw<br><strong>Telefon<\/strong>: +48 71 34 38 388<br><strong>Fax<\/strong>: +48 71 34 23 190<br><strong>E-mail<\/strong>: rekord@halenamiotowe.com.pl<br><strong>Strona www<\/strong>:&nbsp;<a href=\"http:\/\/www.halenamiotowe.com.pl\/\" rel=\"nofollow noopener\" target=\"_blank\">http:\/\/www.halenamiotowe.com.pl<\/a><\/p>\n<\/div>\n\n\n\n<div class=\"wp-block-column is-layout-flow wp-block-column-is-layout-flow\"><div class=\"wp-block-image\">\n<figure class=\"aligncenter size-full\"><img loading=\"lazy\" decoding=\"async\" width=\"135\" height=\"124\" src=\"https:\/\/polfair.pl\/new\/wp-content\/uploads\/2023\/10\/rekord-logo.jpg\" alt=\"\" class=\"wp-image-2289\"\/><\/figure>\n<\/div><\/div>\n<\/div>\n\n\n\n<p>Firma od 1998 roku zajmuje si\u0119 projektowaniem i budow\u0105 hal namiotowych r\u00f3\u017cnego przeznaczenia. Nasze 60 000 m2 zadasze\u0144 pozwala spe\u0142ni\u0107 wszystkie oczekiwania organizator\u00f3w imprez masowych. Dysponujemy halami namiotowymi o r\u00f3\u017cnych kszta\u0142tach i rozmiarach, od najmniejszych o szer. 5m i d\u0142. 5m do najwi\u0119kszych o szer. 50m i d\u0142. ponad 100m, tak\u017ce halami sferycznymi i pi\u0119trowymi. Nasze obiekty wyposa\u017camy w pod\u0142ogi, o\u015bwietlenie, ogrzewanie, klimatyzacj\u0119. Ka\u017cd\u0105 imprez\u0119, nawet najwi\u0119ksz\u0105 zorganizowan\u0105 w dowolnym terenie zabezpieczymy w energi\u0119 elektryczn\u0105 i sanitariaty z pe\u0142nym serwisem technicznym. Dysponujemy biurem projektowym i kwalifikowanym nadzorem rob\u00f3t z odpowiednimi uprawnieniami. \u015awiadczymy us\u0142ugi w kraju i za granic\u0105.<\/p>\n<\/div><\/div>\n\n\n\n<div class=\"wp-block-aab-accordion-item aagb__accordion_container\" style=\"border:1px solid #cccccc;margin-top:0px;margin-bottom:15px;border-radius:0px\"><div class=\"aagb__accordion_head aab_right_icon\" data-active=\"false\" style=\"color:#333333;background-color:transparent;padding:10px 15px 10px 15px\"><div class=\"aagb__accordion_heading aab_right_icon\"><h4 class=\"aagb__accordion_title\" style=\"margin:0;color:#333333\">SQM sp. z o.o. sp. k. (Pozna\u0144)<\/h4><\/div><div class=\"aagb__accordion_icon\" style=\"color:#333333;background-color:transparent\"><span class=\"aagb__icon dashicons dashicons-plus-alt2\"><\/span><\/div><\/div><div class=\"aagb__accordion_body \" role=\"region\" style=\"background-color:transparent;border-top:1px solid #cccccc;padding:10px 15px 10px 15px\">\n<div class=\"wp-block-columns is-layout-flex wp-container-core-columns-is-layout-9d6595d7 wp-block-columns-is-layout-flex\">\n<div class=\"wp-block-column is-layout-flow wp-block-column-is-layout-flow\">\n<p><strong>Adres<\/strong>: Mostowa 27, 61-854 Pozna\u0144<br><strong>Telefon<\/strong>: + 48 61 666 1184<br><strong>Fax<\/strong>: + 48 61 66 15832<br><strong>E-mail<\/strong>: biuro@sqm.pl<br><strong>Strona www<\/strong>:&nbsp;<a href=\"http:\/\/www.sqm.pl\/\" rel=\"nofollow noopener\" target=\"_blank\">http:\/\/www.sqm.pl\/<\/a><\/p>\n<\/div>\n\n\n\n<div class=\"wp-block-column is-layout-flow wp-block-column-is-layout-flow\"><div class=\"wp-block-image\">\n<figure class=\"aligncenter size-full\"><img loading=\"lazy\" decoding=\"async\" width=\"135\" height=\"124\" src=\"https:\/\/polfair.pl\/new\/wp-content\/uploads\/2023\/10\/sqm-logo.jpg\" alt=\"\" class=\"wp-image-2287\"\/><\/figure>\n<\/div><\/div>\n<\/div>\n\n\n\n<p>SQM rozpocz\u0119\u0142o swoj\u0105 dzia\u0142alno\u015b\u0107 w roku 2004, staj\u0105c si\u0119 tym samym jednym z pionier\u00f3w rynku Digital Signage w Polsce. SQM skupia si\u0119 na dw\u00f3ch p\u0142aszczyznach dzia\u0142alno\u015bci \u2013 SQM Digital Signage oraz SQM Rental&amp;Events. W ramach DS rozwija swoje kompetencje w zakresie obs\u0142ugi 360 st., czyli budowania strategii marketingowych z wykorzystaniem no\u015bnik\u00f3w cyfrowych, doradzaj\u0105c jakie rozwi\u0105zania wybra\u0107, aby maksymalnie wykorzysta\u0107 korzy\u015bci p\u0142yn\u0105ce z nowoczesnych technologii. W obr\u0119bie R&amp;E doskonali swoje umiej\u0119tno\u015bci w zakresie multimedialnej obs\u0142ugi event\u00f3w, skupiaj\u0105c si\u0119 przede wszystkim na innowacyjnych rozwi\u0105zaniach indoor do wykorzystania podczas wydarze\u0144 targowych, konferencji czy event\u00f3w. Obecnie w\u0142a\u015bnie multimedialna obs\u0142uga stoisk targowych stanowi dla firmy core business. Wraz z Partnerami, takimi jak organizatorzy targ\u00f3w czy firmy buduj\u0105ce stoiska, SQM obs\u0142uguje wystawc\u00f3w na terenie ca\u0142ej Europy ze szczeg\u00f3lnym uwzgl\u0119dnieniem Niemiec, Hiszpanii, Wielkiej Brytanii, W\u0142och oraz Szwecji. Klientami s\u0105 mi\u0119dzy innymi firmy takie jak KGHM, Korea\u0144ska Organizacja Turystyczna, Chi\u0144skie Koleje Pa\u0144stwowe czy firmy farmaceutyczne.<\/p>\n\n\n\n<p>Firma jest nieprzerwanie od roku 2011 dostawc\u0105 multimedi\u00f3w dla Mi\u0119dzynarodowych Targ\u00f3w Pozna\u0144skich na potrzeby budowanych przez Partnera stoisk targowych.<\/p>\n\n\n\n<p>Centrala firmy znajduje si\u0119 w Komornikach ko\u0142o Poznania (przy w\u0119\u017ale autostradowym A2) co stanowi dogodn\u0105 lokalizacj\u0119 zar\u00f3wno na potrzeby obs\u0142ugi wydarze\u0144 polskich, jak i zagranicznych. W ramach dalszej ekspansji poza granice kraju, w ko\u0144c\u00f3wce roku 2012 za\u0142o\u017cona zosta\u0142a sp\u00f3\u0142ka w Wielkiej Brytanii \u2013 SQM Rental&amp;Events Ltd.<\/p>\n<\/div><\/div>\n\n\n\n<div class=\"wp-block-aab-accordion-item aagb__accordion_container\" style=\"border:1px solid #cccccc;margin-top:0px;margin-bottom:15px;border-radius:0px\"><div class=\"aagb__accordion_head aab_right_icon\" data-active=\"false\" style=\"color:#333333;background-color:transparent;padding:10px 15px 10px 15px\"><div class=\"aagb__accordion_heading aab_right_icon\"><h4 class=\"aagb__accordion_title\" style=\"margin:0;color:#333333\">STANDPOL s.c. (Mi\u0142ob\u0105dz \/ k. Gda\u0144ska)<\/h4><\/div><div class=\"aagb__accordion_icon\" style=\"color:#333333;background-color:transparent\"><span class=\"aagb__icon dashicons dashicons-plus-alt2\"><\/span><\/div><\/div><div class=\"aagb__accordion_body \" role=\"region\" style=\"background-color:transparent;border-top:1px solid #cccccc;padding:10px 15px 10px 15px\">\n<div class=\"wp-block-columns is-layout-flex wp-container-core-columns-is-layout-9d6595d7 wp-block-columns-is-layout-flex\">\n<div class=\"wp-block-column is-layout-flow wp-block-column-is-layout-flow\">\n<p><strong>Adres<\/strong>: D\u0105br\u00f3wka Tczewska 30A, 83-111 Mi\u0142ob\u0105dz k\/Gda\u0144ska<br><strong>Telefon<\/strong>: +48 536 19 94 28, +48 881 73 45 87<br><strong>E-mail<\/strong>: biuro@standpol.pl<br><strong>Strona www<\/strong>:&nbsp;<a href=\"https:\/\/standpol.pl\/\" rel=\"nofollow noopener\" target=\"_blank\">https:\/\/standpol.pl\/<\/a><\/p>\n<\/div>\n\n\n\n<div class=\"wp-block-column is-layout-flow wp-block-column-is-layout-flow\"><div class=\"wp-block-image\">\n<figure class=\"aligncenter size-full\"><img loading=\"lazy\" decoding=\"async\" width=\"135\" height=\"124\" src=\"https:\/\/polfair.pl\/new\/wp-content\/uploads\/2023\/10\/201827031125logo_Standpol.jpg\" alt=\"\" class=\"wp-image-2429\"\/><\/figure>\n<\/div><\/div>\n<\/div>\n\n\n\n<p>Kreatywne i nowoczesne rozwi\u0105zania w zakresie zabudowy stoisk wystawienniczych. Oferujemy wysokiej jako\u015bci stoiska targowe w atrakcyjnych cenach. Specjalizujemy si\u0119 w systemie zabudowy nietypowej, zabudowa tego typu pozwala na realizacj\u0119 naj\u015bmielszych za\u0142o\u017ce\u0144 projektowych naszych klient\u00f3w.<\/p>\n<\/div><\/div>\n\n\n\n<div class=\"wp-block-aab-accordion-item aagb__accordion_container\" style=\"border:1px solid #cccccc;margin-top:0px;margin-bottom:15px;border-radius:0px\"><div class=\"aagb__accordion_head aab_right_icon\" data-active=\"false\" style=\"color:#333333;background-color:transparent;padding:10px 15px 10px 15px\"><div class=\"aagb__accordion_heading aab_right_icon\"><h4 class=\"aagb__accordion_title\" style=\"margin:0;color:#333333\">TARGI KIELCE S.A.<\/h4><\/div><div class=\"aagb__accordion_icon\" style=\"color:#333333;background-color:transparent\"><span class=\"aagb__icon dashicons dashicons-plus-alt2\"><\/span><\/div><\/div><div class=\"aagb__accordion_body \" role=\"region\" style=\"background-color:transparent;border-top:1px solid #cccccc;padding:10px 15px 10px 15px\">\n<div class=\"wp-block-columns is-layout-flex wp-container-core-columns-is-layout-9d6595d7 wp-block-columns-is-layout-flex\">\n<div class=\"wp-block-column is-layout-flow wp-block-column-is-layout-flow\">\n<p><strong>Adres<\/strong>: ul. Zak\u0142adowa 1, 25-672 Kielce<\/p>\n\n\n\n<p><strong>Telefon<\/strong>: +48 41 365 12 22<\/p>\n\n\n\n<p><strong>E-mail<\/strong>: biuro@targikielce.pl<\/p>\n\n\n\n<p><strong>Strona www<\/strong>:&nbsp;<a href=\"http:\/\/www.targikielce.pl\/\" target=\"_blank\" rel=\"noreferrer noopener nofollow\">www.targikielce.pl<\/a><\/p>\n<\/div>\n\n\n\n<div class=\"wp-block-column is-layout-flow wp-block-column-is-layout-flow\"><div class=\"wp-block-image\">\n<figure class=\"aligncenter size-full is-resized\"><img loading=\"lazy\" decoding=\"async\" width=\"822\" height=\"480\" src=\"https:\/\/polfair.pl\/new\/wp-content\/uploads\/2023\/09\/targi-kielce-logo.jpg\" alt=\"\" class=\"wp-image-1849\" style=\"width:200px\" srcset=\"https:\/\/polfair.pl\/new\/wp-content\/uploads\/2023\/09\/targi-kielce-logo.jpg 822w, https:\/\/polfair.pl\/new\/wp-content\/uploads\/2023\/09\/targi-kielce-logo-600x350.jpg 600w, https:\/\/polfair.pl\/new\/wp-content\/uploads\/2023\/09\/targi-kielce-logo-768x448.jpg 768w\" sizes=\"auto, (max-width: 822px) 100vw, 822px\" \/><\/figure>\n<\/div><\/div>\n<\/div>\n\n\n\n<p>Przygotowanie do targ\u00f3w nie musi oznacza\u0107 do Ciebie wielu spraw do za\u0142atwienia. Zostaw to zespo\u0142owi Targ\u00f3w Kielce. Do dyspozycji oddajemy 25-letnie do\u015bwiadczenie oraz wiedz\u0119 o wystawienniczych standardach i nowych trendach. Realizujemy projekty stoisk w Polsce i za granic\u0105. Nasi projektanci, architekci, plastycy, technicy z&nbsp;Zespo\u0142u Projektowania Stoisk&nbsp;oraz&nbsp;Pracowni Plastycznej&nbsp;wykonuj\u0105 zabudowy systemowe, ale r\u00f3wnie\u017c oryginalne aran\u017cacje indywidualne. Przygotowujemy wizualizacje 3D kieruj\u0105c si\u0119 sugestiami i potrzebami klient\u00f3w. Realizujemy budow\u0119 stoisk z przy\u0142\u0105czeniem medi\u00f3w, o\u015bwietleniem, wyposa\u017ceniem i sprz\u0119tem multimedialnym oraz kompleksow\u0105 opraw\u0105 graficzn\u0105. Dzi\u0119ki temu, \u017ce wszystko mamy pod jednym dachem, oferujemy sprawn\u0105 i szybk\u0105 obs\u0142ug\u0119.<\/p>\n\n\n\n<p><strong>Nasza oferta:<\/strong><\/p>\n\n\n\n<ul class=\"wp-block-list\">\n<li>projekty dostosowane do potrzeb i sugestii klienta<\/li>\n\n\n\n<li>zabudowy systemowe oraz indywidualne w kraju i za granic\u0105<\/li>\n\n\n\n<li>obs\u0142uga techniczna stoiska<\/li>\n\n\n\n<li>wyposa\u017cenie stoiska w meble targowe<\/li>\n\n\n\n<li>kompleksowa oprawa graficzna stoiska<\/li>\n<\/ul>\n<\/div><\/div>\n\n\n\n<div class=\"wp-block-aab-accordion-item aagb__accordion_container\" style=\"border:1px solid #cccccc;margin-top:0px;margin-bottom:15px;border-radius:0px\"><div class=\"aagb__accordion_head aab_right_icon\" data-active=\"false\" style=\"color:#333333;background-color:transparent;padding:10px 15px 10px 15px\"><div class=\"aagb__accordion_heading aab_right_icon\"><h4 class=\"aagb__accordion_title\" style=\"margin:0;color:#333333\">TECON SERVICE Kompleksowa Zabudowa Stoisk Targowych (Dopiewo)<\/h4><\/div><div class=\"aagb__accordion_icon\" style=\"color:#333333;background-color:transparent\"><span class=\"aagb__icon dashicons dashicons-plus-alt2\"><\/span><\/div><\/div><div class=\"aagb__accordion_body \" role=\"region\" style=\"background-color:transparent;border-top:1px solid #cccccc;padding:10px 15px 10px 15px\">\n<div class=\"wp-block-columns is-layout-flex wp-container-core-columns-is-layout-9d6595d7 wp-block-columns-is-layout-flex\">\n<div class=\"wp-block-column is-layout-flow wp-block-column-is-layout-flow\">\n<p><strong>Adres<\/strong>: Bukowska 17 D\u0105browa k\/Poznania, 62-070 Dopiewo<br><strong>Telefon<\/strong>: +48 61 865 8228, 652 3645 (magazyn)<br><strong>Fax<\/strong>: +48 61 865 6909<br><strong>E-mail<\/strong>: biuro@tecon.poznan.pl<br><strong>Strona www<\/strong>:&nbsp;<a href=\"http:\/\/www.tecon.poznan.pl\/\" rel=\"nofollow noopener\" target=\"_blank\">http:\/\/www.tecon.poznan.pl\/<\/a><\/p>\n<\/div>\n\n\n\n<div class=\"wp-block-column is-layout-flow wp-block-column-is-layout-flow\"><div class=\"wp-block-image\">\n<figure class=\"aligncenter size-full\"><img loading=\"lazy\" decoding=\"async\" width=\"135\" height=\"124\" src=\"https:\/\/polfair.pl\/new\/wp-content\/uploads\/2023\/10\/20131811110462.jpg\" alt=\"\" class=\"wp-image-2430\"\/><\/figure>\n<\/div><\/div>\n<\/div>\n\n\n\n<p>Projektowanie i kompleksowa zabudowa stoisk targowych w kraju i za granic\u0105. Aran\u017cacja wraz z pe\u0142nym wyposa\u017ceniem stoisk. Stoiska standardowe oraz wg indywidualnych projekt\u00f3w architektonicznych z dowolnych materia\u0142\u00f3w. Stoiska pi\u0119trowe, pawilony i namioty na otwartej przestrzeni. Wizualizacja komputerowa stoisk oraz realizacja us\u0142ug graficzno-plastycznych.<\/p>\n<\/div><\/div>\n\n\n\n<div class=\"wp-block-aab-accordion-item aagb__accordion_container\" style=\"border:1px solid #cccccc;margin-top:0px;margin-bottom:15px;border-radius:0px\"><div class=\"aagb__accordion_head aab_right_icon\" data-active=\"false\" style=\"color:#333333;background-color:transparent;padding:10px 15px 10px 15px\"><div class=\"aagb__accordion_heading aab_right_icon\"><h4 class=\"aagb__accordion_title\" style=\"margin:0;color:#333333\">TOMEX Wielobran\u017cowe Przedsi\u0119biorstwo Hadlowo &#8211; Us\u0142ugowe (Osielsko \/ k. Bydgoszczy)<\/h4><\/div><div class=\"aagb__accordion_icon\" style=\"color:#333333;background-color:transparent\"><span class=\"aagb__icon dashicons dashicons-plus-alt2\"><\/span><\/div><\/div><div class=\"aagb__accordion_body \" role=\"region\" style=\"background-color:transparent;border-top:1px solid #cccccc;padding:10px 15px 10px 15px\">\n<div class=\"wp-block-columns is-layout-flex wp-container-core-columns-is-layout-9d6595d7 wp-block-columns-is-layout-flex\">\n<div class=\"wp-block-column is-layout-flow wp-block-column-is-layout-flow\">\n<p><strong>Adres<\/strong>: S\u0142oneczna 17, 86-031 Osielsko k\/Bydgoszczy<br><strong>Telefon<\/strong>: +48 52 381 3110, 602 236 228<br><strong>Fax<\/strong>: +48 52 381 3937, 381 3607<br><strong>E-mail<\/strong>: biuro@tomex.pl<br><strong>Strona www<\/strong>:&nbsp;<a href=\"http:\/\/www.tomex.pl\/\" rel=\"nofollow noopener\" target=\"_blank\">http:\/\/www.tomex.pl\/<\/a><\/p>\n<\/div>\n\n\n\n<div class=\"wp-block-column is-layout-flow wp-block-column-is-layout-flow\"><div class=\"wp-block-image\">\n<figure class=\"aligncenter size-full\"><img loading=\"lazy\" decoding=\"async\" width=\"135\" height=\"124\" src=\"https:\/\/polfair.pl\/new\/wp-content\/uploads\/2023\/09\/tomex-logo.jpg\" alt=\"\" class=\"wp-image-2017\"\/><\/figure>\n<\/div><\/div>\n<\/div>\n\n\n\n<p>Kompleksowa zabudowa stoisk targowych wed\u0142ug projekt\u00f3w w\u0142asnych lub wystawcy na terenie ca\u0142ego kraju oraz za granic\u0105. Budowa pawilon\u00f3w wolnostoj\u0105cych na terenie otwartym. Wyposa\u017cenie stoisk w meble, sprz\u0119t gospodarstwa domowego oraz profesjonalne o\u015bwietlenie estradowe. Projekty i realizacja oprawy graficznej stoisk, wykonywanie instalacji elektrycznej i wodnokanalizacyjnej.<\/p>\n<\/div><\/div>\n\n\n\n<div class=\"wp-block-aab-accordion-item aagb__accordion_container\" style=\"border:1px solid #cccccc;margin-top:0px;margin-bottom:15px;border-radius:0px\"><div class=\"aagb__accordion_head aab_right_icon\" data-active=\"false\" style=\"color:#333333;background-color:transparent;padding:10px 15px 10px 15px\"><div class=\"aagb__accordion_heading aab_right_icon\"><h4 class=\"aagb__accordion_title\" style=\"margin:0;color:#333333\">VMG EXPO (Pozna\u0144)<\/h4><\/div><div class=\"aagb__accordion_icon\" style=\"color:#333333;background-color:transparent\"><span class=\"aagb__icon dashicons dashicons-plus-alt2\"><\/span><\/div><\/div><div class=\"aagb__accordion_body \" role=\"region\" style=\"background-color:transparent;border-top:1px solid #cccccc;padding:10px 15px 10px 15px\">\n<div class=\"wp-block-columns is-layout-flex wp-container-core-columns-is-layout-9d6595d7 wp-block-columns-is-layout-flex\">\n<div class=\"wp-block-column is-layout-flow wp-block-column-is-layout-flow\">\n<p><strong>Adres<\/strong>: Unii Lubelskiej 1, 61-249 Pozna\u0144<\/p>\n\n\n\n<p><strong>Telefon<\/strong>: +48 61 653 16 90<\/p>\n\n\n\n<p><strong>Fax<\/strong>: +48 61 653 16 92<\/p>\n\n\n\n<p><strong>E-mail<\/strong>: expo@vmg.pl<\/p>\n\n\n\n<p><strong>Strona www<\/strong>:&nbsp;<a href=\"https:\/\/vmgexpo.pl\/\" rel=\"nofollow noopener\" target=\"_blank\">https:\/\/vmgexpo.pl\/<\/a><\/p>\n<\/div>\n\n\n\n<div class=\"wp-block-column is-layout-flow wp-block-column-is-layout-flow\"><div class=\"wp-block-image\">\n<figure class=\"aligncenter size-full\"><img loading=\"lazy\" decoding=\"async\" width=\"150\" height=\"70\" src=\"https:\/\/polfair.pl\/new\/wp-content\/uploads\/2023\/10\/vmg-logo.jpg\" alt=\"\" class=\"wp-image-2284\"\/><\/figure>\n<\/div><\/div>\n<\/div>\n\n\n\n<p>Zesp\u00f3\u0142 VMG EXPO wywodzi si\u0119 z agencji reklamowej o profilu BTL, kt\u00f3ra z powodzeniem dzia\u0142a\u0142a w latach 2006 \u2013 2016. Z czasem, kompleksowe projekty targowo-wystawiennicze realizowane przez firm\u0119 od 2008 sta\u0142y si\u0119 jej specjalno\u015bci\u0105. Do\u015bwiadczenie organizacyjne i sprawno\u015b\u0107 techniczn\u0105 nabywali\u015bmy przez wiele lat, w czasie kt\u00f3rych zrealizowali\u015bmy mi\u0119dzynarodowe projekty targowe m.in. w Brazylii, Chinach, Niemczech, Francji, Indiach, Wietnamie, USA, Korei P\u0142d. czy Rosji oraz w we wszystkich, najwa\u017cniejszych o\u015brodkach targowych w Polsce. R\u00f3wnocze\u015bnie, firma rozwija\u0142a swoje zaplecze techniczno-projektowe, dzi\u0119ki czemu, od kilku lat oferuje kompleksowe rozwi\u0105zania w zakresie organizacji targ\u00f3w i budowy r\u00f3\u017cnego typu stoisk niemal na ca\u0142ym \u015awiecie.<\/p>\n<\/div><\/div>\n\n\n\n<div class=\"wp-block-aab-accordion-item aagb__accordion_container\" style=\"border:1px solid #cccccc;margin-top:0px;margin-bottom:15px;border-radius:0px\"><div class=\"aagb__accordion_head aab_right_icon\" data-active=\"false\" style=\"color:#333333;background-color:transparent;padding:10px 15px 10px 15px\"><div class=\"aagb__accordion_heading aab_right_icon\"><h4 class=\"aagb__accordion_title\" style=\"margin:0;color:#333333\">VON HAGEN POLSKA sp. z o.o. (Kielce)<\/h4><\/div><div class=\"aagb__accordion_icon\" style=\"color:#333333;background-color:transparent\"><span class=\"aagb__icon dashicons dashicons-plus-alt2\"><\/span><\/div><\/div><div class=\"aagb__accordion_body \" role=\"region\" style=\"background-color:transparent;border-top:1px solid #cccccc;padding:10px 15px 10px 15px\">\n<div class=\"wp-block-columns is-layout-flex wp-container-core-columns-is-layout-9d6595d7 wp-block-columns-is-layout-flex\">\n<div class=\"wp-block-column is-layout-flow wp-block-column-is-layout-flow\">\n<p><strong>Adres<\/strong>: Klonowa 55, 25-553 Kielce<br><strong>Telefon<\/strong>: +48 22 827 57 11<br><strong>Fax<\/strong>: +49 0 5235 9525 75<br><strong>E-mail<\/strong>: polska@vonhagen.net<br><strong>Strona www<\/strong>:&nbsp;<a href=\"http:\/\/www.vonhagen.net\/pl\/strona-glowna.html\" rel=\"nofollow noopener\" target=\"_blank\">http:\/\/www.vonhagen.net\/pl\/strona-glowna.html<\/a><\/p>\n<\/div>\n\n\n\n<div class=\"wp-block-column is-layout-flow wp-block-column-is-layout-flow\"><div class=\"wp-block-image\">\n<figure class=\"aligncenter size-full\"><img loading=\"lazy\" decoding=\"async\" width=\"135\" height=\"124\" src=\"https:\/\/polfair.pl\/new\/wp-content\/uploads\/2023\/10\/von-hagen-logo.jpg\" alt=\"\" class=\"wp-image-2283\"\/><\/figure>\n<\/div><\/div>\n<\/div>\n\n\n\n<p>Von Hagen jest mi\u0119dzynarodowym przedsi\u0119biorstwem dzia\u0142aj\u0105cym w dziedzinie projektowania i monta\u017cu stoisk targowych. W Polsce dzia\u0142a sp\u00f3\u0142ka von Hagen Polska sp. z o.o. Zesp\u00f3\u0142 kreatywnych projektant\u00f3w stwarza miejsce do komunikowania si\u0119 marek. Posiadanie w\u0142asnych warsztat\u00f3w zapewnia terminowe przygotowanie niezb\u0119dnych p\u00f3\u0142produkt\u00f3w \u2013 od przetwarzania drewna do produkcji do produkcji du\u017cych odbitek cyfrowych. Wysok\u0105 jako\u015b\u0107 produkcji oraz prac monta\u017cowych zapewniaj\u0105 do\u015bwiadczeni rzemie\u015blnicy i monterzy. Od ponad 15 lat realizujemy projekty targowe dla znanych przedsi\u0119biorstw i instytucji na ca\u0142ym \u015bwiecie.<\/p>\n<\/div><\/div>\n\n\n\n<div class=\"wp-block-aab-accordion-item aagb__accordion_container\" style=\"border:1px solid #cccccc;margin-top:0px;margin-bottom:15px;border-radius:0px\"><div class=\"aagb__accordion_head aab_right_icon\" data-active=\"false\" style=\"color:#333333;background-color:transparent;padding:10px 15px 10px 15px\"><div class=\"aagb__accordion_heading aab_right_icon\"><h4 class=\"aagb__accordion_title\" style=\"margin:0;color:#333333\">ZEBRA P.W.P. sp. z o.o. Sp\u00f3\u0142ka Komandytowa (Suchy Las)<\/h4><\/div><div class=\"aagb__accordion_icon\" style=\"color:#333333;background-color:transparent\"><span class=\"aagb__icon dashicons dashicons-plus-alt2\"><\/span><\/div><\/div><div class=\"aagb__accordion_body \" role=\"region\" style=\"background-color:transparent;border-top:1px solid #cccccc;padding:10px 15px 10px 15px\">\n<div class=\"wp-block-columns is-layout-flex wp-container-core-columns-is-layout-9d6595d7 wp-block-columns-is-layout-flex\">\n<div class=\"wp-block-column is-layout-flow wp-block-column-is-layout-flow\">\n<p><strong>Adres<\/strong>: Lipowa 25 Z\u0142otkowo, 62-002 Suchy Las<br><strong>Telefon<\/strong>: + 48 61 25 00 740<br><strong>E-mail<\/strong>: zebra@zebraexpo.com<br><strong>Strona www<\/strong>:&nbsp;<a href=\"http:\/\/www.zebrapwp.com.pl\/\" rel=\"nofollow noopener\" target=\"_blank\">http:\/\/www.zebrapwp.com.pl\/<\/a><\/p>\n<\/div>\n\n\n\n<div class=\"wp-block-column is-layout-flow wp-block-column-is-layout-flow\"><div class=\"wp-block-image\">\n<figure class=\"aligncenter size-full\"><img loading=\"lazy\" decoding=\"async\" width=\"135\" height=\"124\" src=\"https:\/\/polfair.pl\/new\/wp-content\/uploads\/2023\/10\/zebra-logo.jpg\" alt=\"\" class=\"wp-image-2279\"\/><\/figure>\n<\/div><\/div>\n<\/div>\n\n\n\n<p>Zebra Expo to firma wystawiennicza, kt\u00f3ra od 25 lat realizuje stoiska targowe na terenie ca\u0142ej Europy. Posiadamy: zesp\u00f3\u0142 profesjonalist\u00f3w, zaplecze produkcyjno \u2013 logistyczne oraz szeroki asortyment sprz\u0119tu wystawienniczego. Ten potencja\u0142 umo\u017cliwia nam wykonywanie ka\u017cdego rodzaju zabudowy: stoisk systemowych, stoisk drewnianych, stoisk pi\u0119trowych oraz pawilon\u00f3w. Za r\u00f3wno projektujemy jak i budujemy stoiska. Zapraszamy do wsp\u00f3\u0142pracy!<\/p>\n<\/div><\/div>\n<\/div>\n","protected":false},"excerpt":{"rendered":"","protected":false},"author":3,"featured_media":0,"parent":0,"menu_order":0,"comment_status":"closed","ping_status":"closed","template":"","meta":{"inline_featured_image":false,"footnotes":""},"class_list":["post-2422","page","type-page","status-publish","hentry"],"_links":{"self":[{"href":"https:\/\/polfair.pl\/new\/wp-json\/wp\/v2\/pages\/2422","targetHints":{"allow":["GET"]}}],"collection":[{"href":"https:\/\/polfair.pl\/new\/wp-json\/wp\/v2\/pages"}],"about":[{"href":"https:\/\/polfair.pl\/new\/wp-json\/wp\/v2\/types\/page"}],"author":[{"embeddable":true,"href":"https:\/\/polfair.pl\/new\/wp-json\/wp\/v2\/users\/3"}],"replies":[{"embeddable":true,"href":"https:\/\/polfair.pl\/new\/wp-json\/wp\/v2\/comments?post=2422"}],"version-history":[{"count":6,"href":"https:\/\/polfair.pl\/new\/wp-json\/wp\/v2\/pages\/2422\/revisions"}],"predecessor-version":[{"id":2431,"href":"https:\/\/polfair.pl\/new\/wp-json\/wp\/v2\/pages\/2422\/revisions\/2431"}],"wp:attachment":[{"href":"https:\/\/polfair.pl\/new\/wp-json\/wp\/v2\/media?parent=2422"}],"curies":[{"name":"wp","href":"https:\/\/api.w.org\/{rel}","templated":true}]}}